{"id":7062,"date":"2025-04-27T18:08:23","date_gmt":"2025-04-27T18:08:23","guid":{"rendered":"https:\/\/emakumeak.eus\/emakumeak\/?page_id=7062"},"modified":"2025-04-29T17:16:30","modified_gmt":"2025-04-29T17:16:30","slug":"parte-hartzaileak","status":"publish","type":"page","link":"https:\/\/emakumeak.eus\/eu\/parte-hartzaileak\/","title":{"rendered":"PARTE-HARTZAILEAK"},"content":{"rendered":"<div data-elementor-type=\"wp-page\" data-elementor-id=\"7062\" class=\"elementor elementor-7062\" data-elementor-post-type=\"page\">\n\t\t\t\t\t\t<section class=\"elementor-section elementor-top-section elementor-element elementor-element-67224e8 elementor-section-height-min-height elementor-section-boxed elementor-section-height-default elementor-section-items-middle\" data-id=\"67224e8\" data-element_type=\"section\" data-e-type=\"section\" data-settings=\"{&quot;background_background&quot;:&quot;classic&quot;}\">\n\t\t\t\t\t\t\t<div class=\"elementor-background-overlay\"><\/div>\n\t\t\t\t\t\t\t<div class=\"elementor-container elementor-column-gap-default\">\n\t\t\t\t\t<div class=\"elementor-column elementor-col-100 elementor-top-column elementor-element elementor-element-b52f6af\" data-id=\"b52f6af\" data-element_type=\"column\" data-e-type=\"column\">\n\t\t\t<div class=\"elementor-widget-wrap elementor-element-populated\">\n\t\t\t\t\t\t<div class=\"elementor-element elementor-element-62d1316 elementor-widget elementor-widget-heading\" data-id=\"62d1316\" data-element_type=\"widget\" data-e-type=\"widget\" data-widget_type=\"heading.default\">\n\t\t\t\t<div class=\"elementor-widget-container\">\n\t\t\t\t\t<h2 class=\"elementor-heading-title elementor-size-default\">PARTE-HARTZAILEAK<\/h2>\t\t\t\t<\/div>\n\t\t\t\t<\/div>\n\t\t\t\t\t<\/div>\n\t\t<\/div>\n\t\t\t\t\t<\/div>\n\t\t<\/section>\n\t\t\t\t<section class=\"elementor-section elementor-top-section elementor-element elementor-element-b3008b1 elementor-section-boxed elementor-section-height-default elementor-section-height-default\" data-id=\"b3008b1\" data-element_type=\"section\" data-e-type=\"section\">\n\t\t\t\t\t\t<div class=\"elementor-container elementor-column-gap-default\">\n\t\t\t\t\t<div class=\"elementor-column elementor-col-100 elementor-top-column elementor-element elementor-element-3b6a23d\" data-id=\"3b6a23d\" data-element_type=\"column\" data-e-type=\"column\">\n\t\t\t<div class=\"elementor-widget-wrap elementor-element-populated\">\n\t\t\t\t\t\t<div class=\"elementor-element elementor-element-a5f68a5 elementor-widget elementor-widget-spacer\" data-id=\"a5f68a5\" data-element_type=\"widget\" data-e-type=\"widget\" data-widget_type=\"spacer.default\">\n\t\t\t\t<div class=\"elementor-widget-container\">\n\t\t\t\t\t\t\t<div class=\"elementor-spacer\">\n\t\t\t<div class=\"elementor-spacer-inner\"><\/div>\n\t\t<\/div>\n\t\t\t\t\t\t<\/div>\n\t\t\t\t<\/div>\n\t\t\t\t<section class=\"elementor-section elementor-inner-section elementor-element elementor-element-656d8a1 elementor-section-boxed elementor-section-height-default elementor-section-height-default\" data-id=\"656d8a1\" data-element_type=\"section\" data-e-type=\"section\">\n\t\t\t\t\t\t<div class=\"elementor-container elementor-column-gap-default\">\n\t\t\t\t\t<div class=\"elementor-column elementor-col-25 elementor-inner-column elementor-element elementor-element-9405f16\" data-id=\"9405f16\" data-element_type=\"column\" data-e-type=\"column\">\n\t\t\t<div class=\"elementor-widget-wrap elementor-element-populated\">\n\t\t\t\t\t\t<div class=\"elementor-element elementor-element-6a10d10 elementor-widget__width-initial elementor-widget elementor-widget-image\" data-id=\"6a10d10\" data-element_type=\"widget\" data-e-type=\"widget\" data-widget_type=\"image.default\">\n\t\t\t\t<div class=\"elementor-widget-container\">\n\t\t\t\t\t\t\t\t\t\t\t\t\t\t\t\t<a href=\"#elementor-action%3Aaction%3Dpopup%3Aopen%26settings%3DeyJpZCI6IjcxNTgiLCJ0b2dnbGUiOnRydWV9\">\n\t\t\t\t\t\t\t<img fetchpriority=\"high\" decoding=\"async\" width=\"600\" height=\"600\" src=\"https:\/\/emakumeak.eus\/wp-content\/uploads\/2025\/01\/Segolene-Royal-congreso-emakumeak-kongresua-600x600-1.jpg\" class=\"attachment-large size-large wp-image-1893\" alt=\"\" srcset=\"https:\/\/emakumeak.eus\/wp-content\/uploads\/2025\/01\/Segolene-Royal-congreso-emakumeak-kongresua-600x600-1.jpg 600w, https:\/\/emakumeak.eus\/wp-content\/uploads\/2025\/01\/Segolene-Royal-congreso-emakumeak-kongresua-600x600-1-300x300.jpg 300w, https:\/\/emakumeak.eus\/wp-content\/uploads\/2025\/01\/Segolene-Royal-congreso-emakumeak-kongresua-600x600-1-100x100.jpg 100w, https:\/\/emakumeak.eus\/wp-content\/uploads\/2025\/01\/Segolene-Royal-congreso-emakumeak-kongresua-600x600-1-150x150.jpg 150w\" sizes=\"(max-width: 600px) 100vw, 600px\" \/>\t\t\t\t\t\t\t\t<\/a>\n\t\t\t\t\t\t\t\t\t\t\t\t\t\t\t<\/div>\n\t\t\t\t<\/div>\n\t\t\t\t<div class=\"elementor-element elementor-element-35254e4 elementor-widget elementor-widget-spacer\" data-id=\"35254e4\" data-element_type=\"widget\" data-e-type=\"widget\" data-widget_type=\"spacer.default\">\n\t\t\t\t<div class=\"elementor-widget-container\">\n\t\t\t\t\t\t\t<div class=\"elementor-spacer\">\n\t\t\t<div class=\"elementor-spacer-inner\"><\/div>\n\t\t<\/div>\n\t\t\t\t\t\t<\/div>\n\t\t\t\t<\/div>\n\t\t\t\t<div class=\"elementor-element elementor-element-ef461a6 elementor-widget elementor-widget-heading\" data-id=\"ef461a6\" data-element_type=\"widget\" data-e-type=\"widget\" data-widget_type=\"heading.default\">\n\t\t\t\t<div class=\"elementor-widget-container\">\n\t\t\t\t\t<h2 class=\"elementor-heading-title elementor-size-default\"><a href=\"#elementor-action%3Aaction%3Dpopup%3Aopen%26settings%3DeyJpZCI6IjcxNTgiLCJ0b2dnbGUiOnRydWV9\">S\u00c9GOL\u00c8NE ROYAL<\/a><\/h2>\t\t\t\t<\/div>\n\t\t\t\t<\/div>\n\t\t\t\t<div class=\"elementor-element elementor-element-07dd435 elementor-widget-divider--view-line elementor-widget elementor-widget-divider\" data-id=\"07dd435\" data-element_type=\"widget\" data-e-type=\"widget\" data-widget_type=\"divider.default\">\n\t\t\t\t<div class=\"elementor-widget-container\">\n\t\t\t\t\t\t\t<div class=\"elementor-divider\">\n\t\t\t<span class=\"elementor-divider-separator\">\n\t\t\t\t\t\t<\/span>\n\t\t<\/div>\n\t\t\t\t\t\t<\/div>\n\t\t\t\t<\/div>\n\t\t\t\t<div class=\"elementor-element elementor-element-36b5629 elementor-widget elementor-widget-text-editor\" data-id=\"36b5629\" data-element_type=\"widget\" data-e-type=\"widget\" data-widget_type=\"text-editor.default\">\n\t\t\t\t<div class=\"elementor-widget-container\">\n\t\t\t\t\t\t\t\t\t<p>Frantziako ministro ohia eta Poitou-Charentes eskualdeko Kontseiluko Presidentea<\/p>\t\t\t\t\t\t\t\t<\/div>\n\t\t\t\t<\/div>\n\t\t\t\t\t<\/div>\n\t\t<\/div>\n\t\t\t\t<div class=\"elementor-column elementor-col-25 elementor-inner-column elementor-element elementor-element-3fb088f\" data-id=\"3fb088f\" data-element_type=\"column\" data-e-type=\"column\">\n\t\t\t<div class=\"elementor-widget-wrap elementor-element-populated\">\n\t\t\t\t\t\t<div class=\"elementor-element elementor-element-ef2d083 elementor-widget__width-initial elementor-widget elementor-widget-image\" data-id=\"ef2d083\" data-element_type=\"widget\" data-e-type=\"widget\" data-widget_type=\"image.default\">\n\t\t\t\t<div class=\"elementor-widget-container\">\n\t\t\t\t\t\t\t\t\t\t\t\t\t\t\t\t<a href=\"#elementor-action%3Aaction%3Dpopup%3Aopen%26settings%3DeyJpZCI6IjcxNjQiLCJ0b2dnbGUiOnRydWV9\">\n\t\t\t\t\t\t\t<img decoding=\"async\" width=\"600\" height=\"600\" src=\"https:\/\/emakumeak.eus\/wp-content\/uploads\/2025\/01\/FAWZIA-KOOFI-congreso-emakumeak-kongresua-600x600-1.jpg\" class=\"attachment-large size-large wp-image-1894\" alt=\"\" srcset=\"https:\/\/emakumeak.eus\/wp-content\/uploads\/2025\/01\/FAWZIA-KOOFI-congreso-emakumeak-kongresua-600x600-1.jpg 600w, https:\/\/emakumeak.eus\/wp-content\/uploads\/2025\/01\/FAWZIA-KOOFI-congreso-emakumeak-kongresua-600x600-1-300x300.jpg 300w, https:\/\/emakumeak.eus\/wp-content\/uploads\/2025\/01\/FAWZIA-KOOFI-congreso-emakumeak-kongresua-600x600-1-100x100.jpg 100w, https:\/\/emakumeak.eus\/wp-content\/uploads\/2025\/01\/FAWZIA-KOOFI-congreso-emakumeak-kongresua-600x600-1-150x150.jpg 150w\" sizes=\"(max-width: 600px) 100vw, 600px\" \/>\t\t\t\t\t\t\t\t<\/a>\n\t\t\t\t\t\t\t\t\t\t\t\t\t\t\t<\/div>\n\t\t\t\t<\/div>\n\t\t\t\t<div class=\"elementor-element elementor-element-2d768ff elementor-widget elementor-widget-spacer\" data-id=\"2d768ff\" data-element_type=\"widget\" data-e-type=\"widget\" data-widget_type=\"spacer.default\">\n\t\t\t\t<div class=\"elementor-widget-container\">\n\t\t\t\t\t\t\t<div class=\"elementor-spacer\">\n\t\t\t<div class=\"elementor-spacer-inner\"><\/div>\n\t\t<\/div>\n\t\t\t\t\t\t<\/div>\n\t\t\t\t<\/div>\n\t\t\t\t<div class=\"elementor-element elementor-element-2d1f57d elementor-widget elementor-widget-heading\" data-id=\"2d1f57d\" data-element_type=\"widget\" data-e-type=\"widget\" data-widget_type=\"heading.default\">\n\t\t\t\t<div class=\"elementor-widget-container\">\n\t\t\t\t\t<h2 class=\"elementor-heading-title elementor-size-default\"><a href=\"#elementor-action%3Aaction%3Dpopup%3Aopen%26settings%3DeyJpZCI6IjcxNjQiLCJ0b2dnbGUiOnRydWV9\">FAWZIA KOOFI<\/a><\/h2>\t\t\t\t<\/div>\n\t\t\t\t<\/div>\n\t\t\t\t<div class=\"elementor-element elementor-element-11d2222 elementor-widget-divider--view-line elementor-widget elementor-widget-divider\" data-id=\"11d2222\" data-element_type=\"widget\" data-e-type=\"widget\" data-widget_type=\"divider.default\">\n\t\t\t\t<div class=\"elementor-widget-container\">\n\t\t\t\t\t\t\t<div class=\"elementor-divider\">\n\t\t\t<span class=\"elementor-divider-separator\">\n\t\t\t\t\t\t<\/span>\n\t\t<\/div>\n\t\t\t\t\t\t<\/div>\n\t\t\t\t<\/div>\n\t\t\t\t<div class=\"elementor-element elementor-element-b677031 elementor-widget elementor-widget-text-editor\" data-id=\"b677031\" data-element_type=\"widget\" data-e-type=\"widget\" data-widget_type=\"text-editor.default\">\n\t\t\t\t<div class=\"elementor-widget-container\">\n\t\t\t\t\t\t\t\t\t<p>Emakumeen eskubideen eta Afganistango politikaren aldeko aktibista<\/p>\t\t\t\t\t\t\t\t<\/div>\n\t\t\t\t<\/div>\n\t\t\t\t\t<\/div>\n\t\t<\/div>\n\t\t\t\t<div class=\"elementor-column elementor-col-25 elementor-inner-column elementor-element elementor-element-4da3a5a\" data-id=\"4da3a5a\" data-element_type=\"column\" data-e-type=\"column\">\n\t\t\t<div class=\"elementor-widget-wrap elementor-element-populated\">\n\t\t\t\t\t\t<div class=\"elementor-element elementor-element-34a28ec elementor-widget__width-initial elementor-widget elementor-widget-image\" data-id=\"34a28ec\" data-element_type=\"widget\" data-e-type=\"widget\" data-widget_type=\"image.default\">\n\t\t\t\t<div class=\"elementor-widget-container\">\n\t\t\t\t\t\t\t\t\t\t\t\t\t\t\t\t<a href=\"#elementor-action%3Aaction%3Dpopup%3Aopen%26settings%3DeyJpZCI6IjcxNjciLCJ0b2dnbGUiOnRydWV9\">\n\t\t\t\t\t\t\t<img decoding=\"async\" width=\"600\" height=\"600\" src=\"https:\/\/emakumeak.eus\/wp-content\/uploads\/2025\/01\/ana-pelaez-congreso-emakumeak-kongresua-600x600-1.jpg\" class=\"attachment-large size-large wp-image-1895\" alt=\"\" srcset=\"https:\/\/emakumeak.eus\/wp-content\/uploads\/2025\/01\/ana-pelaez-congreso-emakumeak-kongresua-600x600-1.jpg 600w, https:\/\/emakumeak.eus\/wp-content\/uploads\/2025\/01\/ana-pelaez-congreso-emakumeak-kongresua-600x600-1-300x300.jpg 300w, https:\/\/emakumeak.eus\/wp-content\/uploads\/2025\/01\/ana-pelaez-congreso-emakumeak-kongresua-600x600-1-100x100.jpg 100w, https:\/\/emakumeak.eus\/wp-content\/uploads\/2025\/01\/ana-pelaez-congreso-emakumeak-kongresua-600x600-1-150x150.jpg 150w\" sizes=\"(max-width: 600px) 100vw, 600px\" \/>\t\t\t\t\t\t\t\t<\/a>\n\t\t\t\t\t\t\t\t\t\t\t\t\t\t\t<\/div>\n\t\t\t\t<\/div>\n\t\t\t\t<div class=\"elementor-element elementor-element-de77cb4 elementor-widget elementor-widget-spacer\" data-id=\"de77cb4\" data-element_type=\"widget\" data-e-type=\"widget\" data-widget_type=\"spacer.default\">\n\t\t\t\t<div class=\"elementor-widget-container\">\n\t\t\t\t\t\t\t<div class=\"elementor-spacer\">\n\t\t\t<div class=\"elementor-spacer-inner\"><\/div>\n\t\t<\/div>\n\t\t\t\t\t\t<\/div>\n\t\t\t\t<\/div>\n\t\t\t\t<div class=\"elementor-element elementor-element-3fa4e9a elementor-widget elementor-widget-heading\" data-id=\"3fa4e9a\" data-element_type=\"widget\" data-e-type=\"widget\" data-widget_type=\"heading.default\">\n\t\t\t\t<div class=\"elementor-widget-container\">\n\t\t\t\t\t<h2 class=\"elementor-heading-title elementor-size-default\"><a href=\"#elementor-action%3Aaction%3Dpopup%3Aopen%26settings%3DeyJpZCI6IjcxNjciLCJ0b2dnbGUiOnRydWV9\">ANA PEL\u00c1EZ<\/a><\/h2>\t\t\t\t<\/div>\n\t\t\t\t<\/div>\n\t\t\t\t<div class=\"elementor-element elementor-element-de06ca7 elementor-widget-divider--view-line elementor-widget elementor-widget-divider\" data-id=\"de06ca7\" data-element_type=\"widget\" data-e-type=\"widget\" data-widget_type=\"divider.default\">\n\t\t\t\t<div class=\"elementor-widget-container\">\n\t\t\t\t\t\t\t<div class=\"elementor-divider\">\n\t\t\t<span class=\"elementor-divider-separator\">\n\t\t\t\t\t\t<\/span>\n\t\t<\/div>\n\t\t\t\t\t\t<\/div>\n\t\t\t\t<\/div>\n\t\t\t\t<div class=\"elementor-element elementor-element-2486878 elementor-widget elementor-widget-text-editor\" data-id=\"2486878\" data-element_type=\"widget\" data-e-type=\"widget\" data-widget_type=\"text-editor.default\">\n\t\t\t\t<div class=\"elementor-widget-container\">\n\t\t\t\t\t\t\t\t\t<p>Emakumearen Aurkako Diskriminazioa Ezabatzeko Nazio Batuen Batzordeko Bitarteko Presidentea<\/p>\t\t\t\t\t\t\t\t<\/div>\n\t\t\t\t<\/div>\n\t\t\t\t\t<\/div>\n\t\t<\/div>\n\t\t\t\t<div class=\"elementor-column elementor-col-25 elementor-inner-column elementor-element elementor-element-2efbd30\" data-id=\"2efbd30\" data-element_type=\"column\" data-e-type=\"column\">\n\t\t\t<div class=\"elementor-widget-wrap elementor-element-populated\">\n\t\t\t\t\t\t<div class=\"elementor-element elementor-element-8c33021 elementor-widget__width-initial elementor-widget elementor-widget-image\" data-id=\"8c33021\" data-element_type=\"widget\" data-e-type=\"widget\" data-widget_type=\"image.default\">\n\t\t\t\t<div class=\"elementor-widget-container\">\n\t\t\t\t\t\t\t\t\t\t\t\t\t\t\t\t<a href=\"#elementor-action%3Aaction%3Dpopup%3Aopen%26settings%3DeyJpZCI6IjcxNzAiLCJ0b2dnbGUiOnRydWV9\">\n\t\t\t\t\t\t\t<img loading=\"lazy\" decoding=\"async\" width=\"500\" height=\"500\" src=\"https:\/\/emakumeak.eus\/wp-content\/uploads\/2025\/01\/julia-otero-emakumeak-congreso-500x500-2.jpg\" class=\"attachment-large size-large wp-image-1896\" alt=\"\" srcset=\"https:\/\/emakumeak.eus\/wp-content\/uploads\/2025\/01\/julia-otero-emakumeak-congreso-500x500-2.jpg 500w, https:\/\/emakumeak.eus\/wp-content\/uploads\/2025\/01\/julia-otero-emakumeak-congreso-500x500-2-300x300.jpg 300w, https:\/\/emakumeak.eus\/wp-content\/uploads\/2025\/01\/julia-otero-emakumeak-congreso-500x500-2-100x100.jpg 100w, https:\/\/emakumeak.eus\/wp-content\/uploads\/2025\/01\/julia-otero-emakumeak-congreso-500x500-2-150x150.jpg 150w\" sizes=\"(max-width: 500px) 100vw, 500px\" \/>\t\t\t\t\t\t\t\t<\/a>\n\t\t\t\t\t\t\t\t\t\t\t\t\t\t\t<\/div>\n\t\t\t\t<\/div>\n\t\t\t\t<div class=\"elementor-element elementor-element-449261c elementor-widget elementor-widget-spacer\" data-id=\"449261c\" data-element_type=\"widget\" data-e-type=\"widget\" data-widget_type=\"spacer.default\">\n\t\t\t\t<div class=\"elementor-widget-container\">\n\t\t\t\t\t\t\t<div class=\"elementor-spacer\">\n\t\t\t<div class=\"elementor-spacer-inner\"><\/div>\n\t\t<\/div>\n\t\t\t\t\t\t<\/div>\n\t\t\t\t<\/div>\n\t\t\t\t<div class=\"elementor-element elementor-element-a92264c elementor-widget elementor-widget-heading\" data-id=\"a92264c\" data-element_type=\"widget\" data-e-type=\"widget\" data-widget_type=\"heading.default\">\n\t\t\t\t<div class=\"elementor-widget-container\">\n\t\t\t\t\t<h2 class=\"elementor-heading-title elementor-size-default\"><a href=\"#elementor-action%3Aaction%3Dpopup%3Aopen%26settings%3DeyJpZCI6IjcxNzAiLCJ0b2dnbGUiOnRydWV9\">JULIA OTERO<\/a><\/h2>\t\t\t\t<\/div>\n\t\t\t\t<\/div>\n\t\t\t\t<div class=\"elementor-element elementor-element-81cc42d elementor-widget-divider--view-line elementor-widget elementor-widget-divider\" data-id=\"81cc42d\" data-element_type=\"widget\" data-e-type=\"widget\" data-widget_type=\"divider.default\">\n\t\t\t\t<div class=\"elementor-widget-container\">\n\t\t\t\t\t\t\t<div class=\"elementor-divider\">\n\t\t\t<span class=\"elementor-divider-separator\">\n\t\t\t\t\t\t<\/span>\n\t\t<\/div>\n\t\t\t\t\t\t<\/div>\n\t\t\t\t<\/div>\n\t\t\t\t<div class=\"elementor-element elementor-element-8bd77b4 elementor-widget elementor-widget-text-editor\" data-id=\"8bd77b4\" data-element_type=\"widget\" data-e-type=\"widget\" data-widget_type=\"text-editor.default\">\n\t\t\t\t<div class=\"elementor-widget-container\">\n\t\t\t\t\t\t\t\t\t<p>Kazetaria<\/p>\t\t\t\t\t\t\t\t<\/div>\n\t\t\t\t<\/div>\n\t\t\t\t\t<\/div>\n\t\t<\/div>\n\t\t\t\t\t<\/div>\n\t\t<\/section>\n\t\t\t\t<section class=\"elementor-section elementor-inner-section elementor-element elementor-element-f05c018 elementor-section-boxed elementor-section-height-default elementor-section-height-default\" data-id=\"f05c018\" data-element_type=\"section\" data-e-type=\"section\">\n\t\t\t\t\t\t<div class=\"elementor-container elementor-column-gap-default\">\n\t\t\t\t\t<div class=\"elementor-column elementor-col-25 elementor-inner-column elementor-element elementor-element-fbbec12\" data-id=\"fbbec12\" data-element_type=\"column\" data-e-type=\"column\">\n\t\t\t<div class=\"elementor-widget-wrap elementor-element-populated\">\n\t\t\t\t\t\t<div class=\"elementor-element elementor-element-4f6ff28 elementor-widget__width-initial elementor-widget elementor-widget-image\" data-id=\"4f6ff28\" data-element_type=\"widget\" data-e-type=\"widget\" data-widget_type=\"image.default\">\n\t\t\t\t<div class=\"elementor-widget-container\">\n\t\t\t\t\t\t\t\t\t\t\t\t\t\t\t\t<a href=\"#elementor-action%3Aaction%3Dpopup%3Aopen%26settings%3DeyJpZCI6IjcxNzMiLCJ0b2dnbGUiOnRydWV9\">\n\t\t\t\t\t\t\t<img loading=\"lazy\" decoding=\"async\" width=\"600\" height=\"600\" src=\"https:\/\/emakumeak.eus\/wp-content\/uploads\/2025\/01\/Sindi-Takanashi-congreso-emakumeak-kongresua-600x600-2.jpg\" class=\"attachment-large size-large wp-image-1897\" alt=\"\" srcset=\"https:\/\/emakumeak.eus\/wp-content\/uploads\/2025\/01\/Sindi-Takanashi-congreso-emakumeak-kongresua-600x600-2.jpg 600w, https:\/\/emakumeak.eus\/wp-content\/uploads\/2025\/01\/Sindi-Takanashi-congreso-emakumeak-kongresua-600x600-2-300x300.jpg 300w, https:\/\/emakumeak.eus\/wp-content\/uploads\/2025\/01\/Sindi-Takanashi-congreso-emakumeak-kongresua-600x600-2-100x100.jpg 100w, https:\/\/emakumeak.eus\/wp-content\/uploads\/2025\/01\/Sindi-Takanashi-congreso-emakumeak-kongresua-600x600-2-150x150.jpg 150w\" sizes=\"(max-width: 600px) 100vw, 600px\" \/>\t\t\t\t\t\t\t\t<\/a>\n\t\t\t\t\t\t\t\t\t\t\t\t\t\t\t<\/div>\n\t\t\t\t<\/div>\n\t\t\t\t<div class=\"elementor-element elementor-element-05823d6 elementor-widget elementor-widget-spacer\" data-id=\"05823d6\" data-element_type=\"widget\" data-e-type=\"widget\" data-widget_type=\"spacer.default\">\n\t\t\t\t<div class=\"elementor-widget-container\">\n\t\t\t\t\t\t\t<div class=\"elementor-spacer\">\n\t\t\t<div class=\"elementor-spacer-inner\"><\/div>\n\t\t<\/div>\n\t\t\t\t\t\t<\/div>\n\t\t\t\t<\/div>\n\t\t\t\t<div class=\"elementor-element elementor-element-fec5a96 elementor-widget elementor-widget-heading\" data-id=\"fec5a96\" data-element_type=\"widget\" data-e-type=\"widget\" data-widget_type=\"heading.default\">\n\t\t\t\t<div class=\"elementor-widget-container\">\n\t\t\t\t\t<h2 class=\"elementor-heading-title elementor-size-default\"><a href=\"#elementor-action%3Aaction%3Dpopup%3Aopen%26settings%3DeyJpZCI6IjcxNzMiLCJ0b2dnbGUiOnRydWV9\">SINDY TAKANASHI<\/a><\/h2>\t\t\t\t<\/div>\n\t\t\t\t<\/div>\n\t\t\t\t<div class=\"elementor-element elementor-element-d2512e5 elementor-widget-divider--view-line elementor-widget elementor-widget-divider\" data-id=\"d2512e5\" data-element_type=\"widget\" data-e-type=\"widget\" data-widget_type=\"divider.default\">\n\t\t\t\t<div class=\"elementor-widget-container\">\n\t\t\t\t\t\t\t<div class=\"elementor-divider\">\n\t\t\t<span class=\"elementor-divider-separator\">\n\t\t\t\t\t\t<\/span>\n\t\t<\/div>\n\t\t\t\t\t\t<\/div>\n\t\t\t\t<\/div>\n\t\t\t\t<div class=\"elementor-element elementor-element-e7a9619 elementor-widget elementor-widget-text-editor\" data-id=\"e7a9619\" data-element_type=\"widget\" data-e-type=\"widget\" data-widget_type=\"text-editor.default\">\n\t\t\t\t<div class=\"elementor-widget-container\">\n\t\t\t\t\t\t\t\t\t<p>Biolentzia matxisten aurkako komunikatzaile eta dibulgatzailea<\/p>\t\t\t\t\t\t\t\t<\/div>\n\t\t\t\t<\/div>\n\t\t\t\t\t<\/div>\n\t\t<\/div>\n\t\t\t\t<div class=\"elementor-column elementor-col-25 elementor-inner-column elementor-element elementor-element-15a04e4\" data-id=\"15a04e4\" data-element_type=\"column\" data-e-type=\"column\">\n\t\t\t<div class=\"elementor-widget-wrap elementor-element-populated\">\n\t\t\t\t\t\t<div class=\"elementor-element elementor-element-556d814 elementor-widget__width-initial elementor-widget elementor-widget-image\" data-id=\"556d814\" data-element_type=\"widget\" data-e-type=\"widget\" data-widget_type=\"image.default\">\n\t\t\t\t<div class=\"elementor-widget-container\">\n\t\t\t\t\t\t\t\t\t\t\t\t\t\t\t\t<a href=\"#elementor-action%3Aaction%3Dpopup%3Aopen%26settings%3DeyJpZCI6IjcxNzQiLCJ0b2dnbGUiOnRydWV9\">\n\t\t\t\t\t\t\t<img loading=\"lazy\" decoding=\"async\" width=\"600\" height=\"600\" src=\"https:\/\/emakumeak.eus\/wp-content\/uploads\/2025\/01\/teresa-aguilo-congreso-emakumeak-kongresua-600x600-1.jpg\" class=\"attachment-large size-large wp-image-1898\" alt=\"\" srcset=\"https:\/\/emakumeak.eus\/wp-content\/uploads\/2025\/01\/teresa-aguilo-congreso-emakumeak-kongresua-600x600-1.jpg 600w, https:\/\/emakumeak.eus\/wp-content\/uploads\/2025\/01\/teresa-aguilo-congreso-emakumeak-kongresua-600x600-1-300x300.jpg 300w, https:\/\/emakumeak.eus\/wp-content\/uploads\/2025\/01\/teresa-aguilo-congreso-emakumeak-kongresua-600x600-1-100x100.jpg 100w, https:\/\/emakumeak.eus\/wp-content\/uploads\/2025\/01\/teresa-aguilo-congreso-emakumeak-kongresua-600x600-1-150x150.jpg 150w\" sizes=\"(max-width: 600px) 100vw, 600px\" \/>\t\t\t\t\t\t\t\t<\/a>\n\t\t\t\t\t\t\t\t\t\t\t\t\t\t\t<\/div>\n\t\t\t\t<\/div>\n\t\t\t\t<div class=\"elementor-element elementor-element-3c10ccf elementor-widget elementor-widget-spacer\" data-id=\"3c10ccf\" data-element_type=\"widget\" data-e-type=\"widget\" data-widget_type=\"spacer.default\">\n\t\t\t\t<div class=\"elementor-widget-container\">\n\t\t\t\t\t\t\t<div class=\"elementor-spacer\">\n\t\t\t<div class=\"elementor-spacer-inner\"><\/div>\n\t\t<\/div>\n\t\t\t\t\t\t<\/div>\n\t\t\t\t<\/div>\n\t\t\t\t<div class=\"elementor-element elementor-element-f23f553 elementor-widget elementor-widget-heading\" data-id=\"f23f553\" data-element_type=\"widget\" data-e-type=\"widget\" data-widget_type=\"heading.default\">\n\t\t\t\t<div class=\"elementor-widget-container\">\n\t\t\t\t\t<h2 class=\"elementor-heading-title elementor-size-default\"><a href=\"#elementor-action%3Aaction%3Dpopup%3Aopen%26settings%3DeyJpZCI6IjcxNzQiLCJ0b2dnbGUiOnRydWV9\">TERESA AGUIL\u00d3<\/a><\/h2>\t\t\t\t<\/div>\n\t\t\t\t<\/div>\n\t\t\t\t<div class=\"elementor-element elementor-element-bca7e2e elementor-widget-divider--view-line elementor-widget elementor-widget-divider\" data-id=\"bca7e2e\" data-element_type=\"widget\" data-e-type=\"widget\" data-widget_type=\"divider.default\">\n\t\t\t\t<div class=\"elementor-widget-container\">\n\t\t\t\t\t\t\t<div class=\"elementor-divider\">\n\t\t\t<span class=\"elementor-divider-separator\">\n\t\t\t\t\t\t<\/span>\n\t\t<\/div>\n\t\t\t\t\t\t<\/div>\n\t\t\t\t<\/div>\n\t\t\t\t<div class=\"elementor-element elementor-element-3e83b0e elementor-widget elementor-widget-text-editor\" data-id=\"3e83b0e\" data-element_type=\"widget\" data-e-type=\"widget\" data-widget_type=\"text-editor.default\">\n\t\t\t\t<div class=\"elementor-widget-container\">\n\t\t\t\t\t\t\t\t\t<p>Telenorte saioaren (TVE) kazetaria, editorea eta aurkezlea<\/p>\t\t\t\t\t\t\t\t<\/div>\n\t\t\t\t<\/div>\n\t\t\t\t\t<\/div>\n\t\t<\/div>\n\t\t\t\t<div class=\"elementor-column elementor-col-25 elementor-inner-column elementor-element elementor-element-394d5f7\" data-id=\"394d5f7\" data-element_type=\"column\" data-e-type=\"column\">\n\t\t\t<div class=\"elementor-widget-wrap elementor-element-populated\">\n\t\t\t\t\t\t<div class=\"elementor-element elementor-element-283a345 elementor-widget__width-initial elementor-widget elementor-widget-image\" data-id=\"283a345\" data-element_type=\"widget\" data-e-type=\"widget\" data-widget_type=\"image.default\">\n\t\t\t\t<div class=\"elementor-widget-container\">\n\t\t\t\t\t\t\t\t\t\t\t\t\t\t\t\t<a href=\"#elementor-action%3Aaction%3Dpopup%3Aopen%26settings%3DeyJpZCI6IjcxNzUiLCJ0b2dnbGUiOnRydWV9\">\n\t\t\t\t\t\t\t<img loading=\"lazy\" decoding=\"async\" width=\"600\" height=\"600\" src=\"https:\/\/emakumeak.eus\/wp-content\/uploads\/2025\/01\/izaro-congreso-emakumeak-kongresua-600x600-1.jpg\" class=\"attachment-large size-large wp-image-1899\" alt=\"\" srcset=\"https:\/\/emakumeak.eus\/wp-content\/uploads\/2025\/01\/izaro-congreso-emakumeak-kongresua-600x600-1.jpg 600w, https:\/\/emakumeak.eus\/wp-content\/uploads\/2025\/01\/izaro-congreso-emakumeak-kongresua-600x600-1-300x300.jpg 300w, https:\/\/emakumeak.eus\/wp-content\/uploads\/2025\/01\/izaro-congreso-emakumeak-kongresua-600x600-1-100x100.jpg 100w, https:\/\/emakumeak.eus\/wp-content\/uploads\/2025\/01\/izaro-congreso-emakumeak-kongresua-600x600-1-150x150.jpg 150w\" sizes=\"(max-width: 600px) 100vw, 600px\" \/>\t\t\t\t\t\t\t\t<\/a>\n\t\t\t\t\t\t\t\t\t\t\t\t\t\t\t<\/div>\n\t\t\t\t<\/div>\n\t\t\t\t<div class=\"elementor-element elementor-element-af7c177 elementor-widget elementor-widget-spacer\" data-id=\"af7c177\" data-element_type=\"widget\" data-e-type=\"widget\" data-widget_type=\"spacer.default\">\n\t\t\t\t<div class=\"elementor-widget-container\">\n\t\t\t\t\t\t\t<div class=\"elementor-spacer\">\n\t\t\t<div class=\"elementor-spacer-inner\"><\/div>\n\t\t<\/div>\n\t\t\t\t\t\t<\/div>\n\t\t\t\t<\/div>\n\t\t\t\t<div class=\"elementor-element elementor-element-a553644 elementor-widget elementor-widget-heading\" data-id=\"a553644\" data-element_type=\"widget\" data-e-type=\"widget\" data-widget_type=\"heading.default\">\n\t\t\t\t<div class=\"elementor-widget-container\">\n\t\t\t\t\t<h2 class=\"elementor-heading-title elementor-size-default\"><a href=\"#elementor-action%3Aaction%3Dpopup%3Aopen%26settings%3DeyJpZCI6IjcxNzUiLCJ0b2dnbGUiOnRydWV9\">IZARO<\/a><\/h2>\t\t\t\t<\/div>\n\t\t\t\t<\/div>\n\t\t\t\t<div class=\"elementor-element elementor-element-92b76b3 elementor-widget-divider--view-line elementor-widget elementor-widget-divider\" data-id=\"92b76b3\" data-element_type=\"widget\" data-e-type=\"widget\" data-widget_type=\"divider.default\">\n\t\t\t\t<div class=\"elementor-widget-container\">\n\t\t\t\t\t\t\t<div class=\"elementor-divider\">\n\t\t\t<span class=\"elementor-divider-separator\">\n\t\t\t\t\t\t<\/span>\n\t\t<\/div>\n\t\t\t\t\t\t<\/div>\n\t\t\t\t<\/div>\n\t\t\t\t<div class=\"elementor-element elementor-element-4ef248f elementor-widget elementor-widget-text-editor\" data-id=\"4ef248f\" data-element_type=\"widget\" data-e-type=\"widget\" data-widget_type=\"text-editor.default\">\n\t\t\t\t<div class=\"elementor-widget-container\">\n\t\t\t\t\t\t\t\t\t<p>Euskal abeslari, kantautore eta konpositorea<\/p>\t\t\t\t\t\t\t\t<\/div>\n\t\t\t\t<\/div>\n\t\t\t\t\t<\/div>\n\t\t<\/div>\n\t\t\t\t<div class=\"elementor-column elementor-col-25 elementor-inner-column elementor-element elementor-element-5980f90\" data-id=\"5980f90\" data-element_type=\"column\" data-e-type=\"column\">\n\t\t\t<div class=\"elementor-widget-wrap elementor-element-populated\">\n\t\t\t\t\t\t<div class=\"elementor-element elementor-element-2bd1987 elementor-widget__width-initial elementor-widget elementor-widget-image\" data-id=\"2bd1987\" data-element_type=\"widget\" data-e-type=\"widget\" data-widget_type=\"image.default\">\n\t\t\t\t<div class=\"elementor-widget-container\">\n\t\t\t\t\t\t\t\t\t\t\t\t\t\t\t\t<a href=\"#elementor-action%3Aaction%3Dpopup%3Aopen%26settings%3DeyJpZCI6IjcxODIiLCJ0b2dnbGUiOnRydWV9\">\n\t\t\t\t\t\t\t<img loading=\"lazy\" decoding=\"async\" width=\"600\" height=\"600\" src=\"https:\/\/emakumeak.eus\/wp-content\/uploads\/2025\/01\/asun-ibarrondo-congreso-emakumeak-kongresua-600x600-1.jpg\" class=\"attachment-large size-large wp-image-1900\" alt=\"\" srcset=\"https:\/\/emakumeak.eus\/wp-content\/uploads\/2025\/01\/asun-ibarrondo-congreso-emakumeak-kongresua-600x600-1.jpg 600w, https:\/\/emakumeak.eus\/wp-content\/uploads\/2025\/01\/asun-ibarrondo-congreso-emakumeak-kongresua-600x600-1-300x300.jpg 300w, https:\/\/emakumeak.eus\/wp-content\/uploads\/2025\/01\/asun-ibarrondo-congreso-emakumeak-kongresua-600x600-1-100x100.jpg 100w, https:\/\/emakumeak.eus\/wp-content\/uploads\/2025\/01\/asun-ibarrondo-congreso-emakumeak-kongresua-600x600-1-150x150.jpg 150w\" sizes=\"(max-width: 600px) 100vw, 600px\" \/>\t\t\t\t\t\t\t\t<\/a>\n\t\t\t\t\t\t\t\t\t\t\t\t\t\t\t<\/div>\n\t\t\t\t<\/div>\n\t\t\t\t<div class=\"elementor-element elementor-element-a40b69a elementor-widget elementor-widget-spacer\" data-id=\"a40b69a\" data-element_type=\"widget\" data-e-type=\"widget\" data-widget_type=\"spacer.default\">\n\t\t\t\t<div class=\"elementor-widget-container\">\n\t\t\t\t\t\t\t<div class=\"elementor-spacer\">\n\t\t\t<div class=\"elementor-spacer-inner\"><\/div>\n\t\t<\/div>\n\t\t\t\t\t\t<\/div>\n\t\t\t\t<\/div>\n\t\t\t\t<div class=\"elementor-element elementor-element-c1444c9 elementor-widget elementor-widget-heading\" data-id=\"c1444c9\" data-element_type=\"widget\" data-e-type=\"widget\" data-widget_type=\"heading.default\">\n\t\t\t\t<div class=\"elementor-widget-container\">\n\t\t\t\t\t<h2 class=\"elementor-heading-title elementor-size-default\"><a href=\"#elementor-action%3Aaction%3Dpopup%3Aopen%26settings%3DeyJpZCI6IjcxODIiLCJ0b2dnbGUiOnRydWV9\">ASUN IBARRONDO<\/a><\/h2>\t\t\t\t<\/div>\n\t\t\t\t<\/div>\n\t\t\t\t<div class=\"elementor-element elementor-element-0d843cd elementor-widget-divider--view-line elementor-widget elementor-widget-divider\" data-id=\"0d843cd\" data-element_type=\"widget\" data-e-type=\"widget\" data-widget_type=\"divider.default\">\n\t\t\t\t<div class=\"elementor-widget-container\">\n\t\t\t\t\t\t\t<div class=\"elementor-divider\">\n\t\t\t<span class=\"elementor-divider-separator\">\n\t\t\t\t\t\t<\/span>\n\t\t<\/div>\n\t\t\t\t\t\t<\/div>\n\t\t\t\t<\/div>\n\t\t\t\t<div class=\"elementor-element elementor-element-13a74bb elementor-widget elementor-widget-text-editor\" data-id=\"13a74bb\" data-element_type=\"widget\" data-e-type=\"widget\" data-widget_type=\"text-editor.default\">\n\t\t\t\t<div class=\"elementor-widget-container\">\n\t\t\t\t\t\t\t\t\t<p>Ostalaritza Sari Nazionala eta Zornotzako Boroa jatetxearen jabea (Michelin izar bat)<\/p>\t\t\t\t\t\t\t\t<\/div>\n\t\t\t\t<\/div>\n\t\t\t\t\t<\/div>\n\t\t<\/div>\n\t\t\t\t\t<\/div>\n\t\t<\/section>\n\t\t\t\t<section class=\"elementor-section elementor-inner-section elementor-element elementor-element-79d539e elementor-section-boxed elementor-section-height-default elementor-section-height-default\" data-id=\"79d539e\" data-element_type=\"section\" data-e-type=\"section\">\n\t\t\t\t\t\t<div class=\"elementor-container elementor-column-gap-default\">\n\t\t\t\t\t<div class=\"elementor-column elementor-col-25 elementor-inner-column elementor-element elementor-element-af29522\" data-id=\"af29522\" data-element_type=\"column\" data-e-type=\"column\">\n\t\t\t<div class=\"elementor-widget-wrap elementor-element-populated\">\n\t\t\t\t\t\t<div class=\"elementor-element elementor-element-d8779e1 elementor-widget__width-initial elementor-widget elementor-widget-image\" data-id=\"d8779e1\" data-element_type=\"widget\" data-e-type=\"widget\" data-widget_type=\"image.default\">\n\t\t\t\t<div class=\"elementor-widget-container\">\n\t\t\t\t\t\t\t\t\t\t\t\t\t\t\t\t<a href=\"#elementor-action%3Aaction%3Dpopup%3Aopen%26settings%3DeyJpZCI6IjcxODMiLCJ0b2dnbGUiOnRydWV9\">\n\t\t\t\t\t\t\t<img loading=\"lazy\" decoding=\"async\" width=\"600\" height=\"600\" src=\"https:\/\/emakumeak.eus\/wp-content\/uploads\/2025\/01\/maria-lucia-monsheneke-congreso-emakumeak-kongresua-600x600-2.jpg\" class=\"attachment-large size-large wp-image-2371\" alt=\"\" srcset=\"https:\/\/emakumeak.eus\/wp-content\/uploads\/2025\/01\/maria-lucia-monsheneke-congreso-emakumeak-kongresua-600x600-2.jpg 600w, https:\/\/emakumeak.eus\/wp-content\/uploads\/2025\/01\/maria-lucia-monsheneke-congreso-emakumeak-kongresua-600x600-2-300x300.jpg 300w, https:\/\/emakumeak.eus\/wp-content\/uploads\/2025\/01\/maria-lucia-monsheneke-congreso-emakumeak-kongresua-600x600-2-150x150.jpg 150w, https:\/\/emakumeak.eus\/wp-content\/uploads\/2025\/01\/maria-lucia-monsheneke-congreso-emakumeak-kongresua-600x600-2-100x100.jpg 100w\" sizes=\"(max-width: 600px) 100vw, 600px\" \/>\t\t\t\t\t\t\t\t<\/a>\n\t\t\t\t\t\t\t\t\t\t\t\t\t\t\t<\/div>\n\t\t\t\t<\/div>\n\t\t\t\t<div class=\"elementor-element elementor-element-0c3278f elementor-widget elementor-widget-spacer\" data-id=\"0c3278f\" data-element_type=\"widget\" data-e-type=\"widget\" data-widget_type=\"spacer.default\">\n\t\t\t\t<div class=\"elementor-widget-container\">\n\t\t\t\t\t\t\t<div class=\"elementor-spacer\">\n\t\t\t<div class=\"elementor-spacer-inner\"><\/div>\n\t\t<\/div>\n\t\t\t\t\t\t<\/div>\n\t\t\t\t<\/div>\n\t\t\t\t<div class=\"elementor-element elementor-element-9500208 elementor-widget elementor-widget-heading\" data-id=\"9500208\" data-element_type=\"widget\" data-e-type=\"widget\" data-widget_type=\"heading.default\">\n\t\t\t\t<div class=\"elementor-widget-container\">\n\t\t\t\t\t<h2 class=\"elementor-heading-title elementor-size-default\"><a href=\"#elementor-action%3Aaction%3Dpopup%3Aopen%26settings%3DeyJpZCI6IjcxODMiLCJ0b2dnbGUiOnRydWV9\">MARIE LUCIA MONSHENEKE<\/a><\/h2>\t\t\t\t<\/div>\n\t\t\t\t<\/div>\n\t\t\t\t<div class=\"elementor-element elementor-element-7c2b81c elementor-widget-divider--view-line elementor-widget elementor-widget-divider\" data-id=\"7c2b81c\" data-element_type=\"widget\" data-e-type=\"widget\" data-widget_type=\"divider.default\">\n\t\t\t\t<div class=\"elementor-widget-container\">\n\t\t\t\t\t\t\t<div class=\"elementor-divider\">\n\t\t\t<span class=\"elementor-divider-separator\">\n\t\t\t\t\t\t<\/span>\n\t\t<\/div>\n\t\t\t\t\t\t<\/div>\n\t\t\t\t<\/div>\n\t\t\t\t<div class=\"elementor-element elementor-element-faf8ec2 elementor-widget elementor-widget-text-editor\" data-id=\"faf8ec2\" data-element_type=\"widget\" data-e-type=\"widget\" data-widget_type=\"text-editor.default\">\n\t\t\t\t<div class=\"elementor-widget-container\">\n\t\t\t\t\t\t\t\t\t<p>Giza duintasunaren eta diskriminaziorik ezaren aldeko aktibista afrikarra<\/p>\t\t\t\t\t\t\t\t<\/div>\n\t\t\t\t<\/div>\n\t\t\t\t\t<\/div>\n\t\t<\/div>\n\t\t\t\t<div class=\"elementor-column elementor-col-25 elementor-inner-column elementor-element elementor-element-3d9a317\" data-id=\"3d9a317\" data-element_type=\"column\" data-e-type=\"column\">\n\t\t\t<div class=\"elementor-widget-wrap elementor-element-populated\">\n\t\t\t\t\t\t<div class=\"elementor-element elementor-element-52d3a52 elementor-widget__width-initial elementor-widget elementor-widget-image\" data-id=\"52d3a52\" data-element_type=\"widget\" data-e-type=\"widget\" data-widget_type=\"image.default\">\n\t\t\t\t<div class=\"elementor-widget-container\">\n\t\t\t\t\t\t\t\t\t\t\t\t\t\t\t\t<a href=\"#elementor-action%3Aaction%3Dpopup%3Aopen%26settings%3DeyJpZCI6IjcxODQiLCJ0b2dnbGUiOnRydWV9\">\n\t\t\t\t\t\t\t<img loading=\"lazy\" decoding=\"async\" width=\"600\" height=\"600\" src=\"https:\/\/emakumeak.eus\/wp-content\/uploads\/2025\/01\/nerea-ibarzabal-congreso-emakumeak-kongresua-600x600-2.jpg\" class=\"attachment-large size-large wp-image-2372\" alt=\"\" srcset=\"https:\/\/emakumeak.eus\/wp-content\/uploads\/2025\/01\/nerea-ibarzabal-congreso-emakumeak-kongresua-600x600-2.jpg 600w, https:\/\/emakumeak.eus\/wp-content\/uploads\/2025\/01\/nerea-ibarzabal-congreso-emakumeak-kongresua-600x600-2-300x300.jpg 300w, https:\/\/emakumeak.eus\/wp-content\/uploads\/2025\/01\/nerea-ibarzabal-congreso-emakumeak-kongresua-600x600-2-150x150.jpg 150w, https:\/\/emakumeak.eus\/wp-content\/uploads\/2025\/01\/nerea-ibarzabal-congreso-emakumeak-kongresua-600x600-2-100x100.jpg 100w\" sizes=\"(max-width: 600px) 100vw, 600px\" \/>\t\t\t\t\t\t\t\t<\/a>\n\t\t\t\t\t\t\t\t\t\t\t\t\t\t\t<\/div>\n\t\t\t\t<\/div>\n\t\t\t\t<div class=\"elementor-element elementor-element-7db7282 elementor-widget elementor-widget-spacer\" data-id=\"7db7282\" data-element_type=\"widget\" data-e-type=\"widget\" data-widget_type=\"spacer.default\">\n\t\t\t\t<div class=\"elementor-widget-container\">\n\t\t\t\t\t\t\t<div class=\"elementor-spacer\">\n\t\t\t<div class=\"elementor-spacer-inner\"><\/div>\n\t\t<\/div>\n\t\t\t\t\t\t<\/div>\n\t\t\t\t<\/div>\n\t\t\t\t<div class=\"elementor-element elementor-element-8d10074 elementor-widget elementor-widget-heading\" data-id=\"8d10074\" data-element_type=\"widget\" data-e-type=\"widget\" data-widget_type=\"heading.default\">\n\t\t\t\t<div class=\"elementor-widget-container\">\n\t\t\t\t\t<h2 class=\"elementor-heading-title elementor-size-default\"><a href=\"#elementor-action%3Aaction%3Dpopup%3Aopen%26settings%3DeyJpZCI6IjcxODQiLCJ0b2dnbGUiOnRydWV9\">NEREA<br>IBARZABAL<\/a><\/h2>\t\t\t\t<\/div>\n\t\t\t\t<\/div>\n\t\t\t\t<div class=\"elementor-element elementor-element-24ffc5a elementor-widget-divider--view-line elementor-widget elementor-widget-divider\" data-id=\"24ffc5a\" data-element_type=\"widget\" data-e-type=\"widget\" data-widget_type=\"divider.default\">\n\t\t\t\t<div class=\"elementor-widget-container\">\n\t\t\t\t\t\t\t<div class=\"elementor-divider\">\n\t\t\t<span class=\"elementor-divider-separator\">\n\t\t\t\t\t\t<\/span>\n\t\t<\/div>\n\t\t\t\t\t\t<\/div>\n\t\t\t\t<\/div>\n\t\t\t\t<div class=\"elementor-element elementor-element-00a0255 elementor-widget elementor-widget-text-editor\" data-id=\"00a0255\" data-element_type=\"widget\" data-e-type=\"widget\" data-widget_type=\"text-editor.default\">\n\t\t\t\t<div class=\"elementor-widget-container\">\n\t\t\t\t\t\t\t\t\t<p>Bertsolari. 2021eko Bizkaiko Bertsolari txapelketako irabazlea<\/p>\t\t\t\t\t\t\t\t<\/div>\n\t\t\t\t<\/div>\n\t\t\t\t\t<\/div>\n\t\t<\/div>\n\t\t\t\t<div class=\"elementor-column elementor-col-25 elementor-inner-column elementor-element elementor-element-58d122f\" data-id=\"58d122f\" data-element_type=\"column\" data-e-type=\"column\">\n\t\t\t<div class=\"elementor-widget-wrap elementor-element-populated\">\n\t\t\t\t\t\t<div class=\"elementor-element elementor-element-a7704df elementor-widget__width-initial elementor-widget elementor-widget-image\" data-id=\"a7704df\" data-element_type=\"widget\" data-e-type=\"widget\" data-widget_type=\"image.default\">\n\t\t\t\t<div class=\"elementor-widget-container\">\n\t\t\t\t\t\t\t\t\t\t\t\t\t\t\t\t<a href=\"#elementor-action%3Aaction%3Dpopup%3Aopen%26settings%3DeyJpZCI6IjcxOTEiLCJ0b2dnbGUiOnRydWV9\">\n\t\t\t\t\t\t\t<img loading=\"lazy\" decoding=\"async\" width=\"600\" height=\"600\" src=\"https:\/\/emakumeak.eus\/wp-content\/uploads\/2025\/01\/onintza-enbeita-congreso-emakumeak-kongresua-600x600-2.jpg\" class=\"attachment-large size-large wp-image-2373\" alt=\"\" srcset=\"https:\/\/emakumeak.eus\/wp-content\/uploads\/2025\/01\/onintza-enbeita-congreso-emakumeak-kongresua-600x600-2.jpg 600w, https:\/\/emakumeak.eus\/wp-content\/uploads\/2025\/01\/onintza-enbeita-congreso-emakumeak-kongresua-600x600-2-300x300.jpg 300w, https:\/\/emakumeak.eus\/wp-content\/uploads\/2025\/01\/onintza-enbeita-congreso-emakumeak-kongresua-600x600-2-150x150.jpg 150w, https:\/\/emakumeak.eus\/wp-content\/uploads\/2025\/01\/onintza-enbeita-congreso-emakumeak-kongresua-600x600-2-100x100.jpg 100w\" sizes=\"(max-width: 600px) 100vw, 600px\" \/>\t\t\t\t\t\t\t\t<\/a>\n\t\t\t\t\t\t\t\t\t\t\t\t\t\t\t<\/div>\n\t\t\t\t<\/div>\n\t\t\t\t<div class=\"elementor-element elementor-element-bde5108 elementor-widget elementor-widget-spacer\" data-id=\"bde5108\" data-element_type=\"widget\" data-e-type=\"widget\" data-widget_type=\"spacer.default\">\n\t\t\t\t<div class=\"elementor-widget-container\">\n\t\t\t\t\t\t\t<div class=\"elementor-spacer\">\n\t\t\t<div class=\"elementor-spacer-inner\"><\/div>\n\t\t<\/div>\n\t\t\t\t\t\t<\/div>\n\t\t\t\t<\/div>\n\t\t\t\t<div class=\"elementor-element elementor-element-f6f193d elementor-widget elementor-widget-heading\" data-id=\"f6f193d\" data-element_type=\"widget\" data-e-type=\"widget\" data-widget_type=\"heading.default\">\n\t\t\t\t<div class=\"elementor-widget-container\">\n\t\t\t\t\t<h2 class=\"elementor-heading-title elementor-size-default\"><a href=\"#elementor-action%3Aaction%3Dpopup%3Aopen%26settings%3DeyJpZCI6IjcxOTEiLCJ0b2dnbGUiOnRydWV9\">ONINTZA<br>ENBEITA<\/a><\/h2>\t\t\t\t<\/div>\n\t\t\t\t<\/div>\n\t\t\t\t<div class=\"elementor-element elementor-element-a8352dc elementor-widget-divider--view-line elementor-widget elementor-widget-divider\" data-id=\"a8352dc\" data-element_type=\"widget\" data-e-type=\"widget\" data-widget_type=\"divider.default\">\n\t\t\t\t<div class=\"elementor-widget-container\">\n\t\t\t\t\t\t\t<div class=\"elementor-divider\">\n\t\t\t<span class=\"elementor-divider-separator\">\n\t\t\t\t\t\t<\/span>\n\t\t<\/div>\n\t\t\t\t\t\t<\/div>\n\t\t\t\t<\/div>\n\t\t\t\t<div class=\"elementor-element elementor-element-8516e9b elementor-widget elementor-widget-text-editor\" data-id=\"8516e9b\" data-element_type=\"widget\" data-e-type=\"widget\" data-widget_type=\"text-editor.default\">\n\t\t\t\t<div class=\"elementor-widget-container\">\n\t\t\t\t\t\t\t\t\t<p>Bertsolari. 2018ko Bizkaiko Bertsolari txapelketako irabazlea<\/p>\t\t\t\t\t\t\t\t<\/div>\n\t\t\t\t<\/div>\n\t\t\t\t\t<\/div>\n\t\t<\/div>\n\t\t\t\t<div class=\"elementor-column elementor-col-25 elementor-inner-column elementor-element elementor-element-19d88c6\" data-id=\"19d88c6\" data-element_type=\"column\" data-e-type=\"column\">\n\t\t\t<div class=\"elementor-widget-wrap elementor-element-populated\">\n\t\t\t\t\t\t<div class=\"elementor-element elementor-element-4714b3b elementor-widget__width-initial elementor-widget elementor-widget-image\" data-id=\"4714b3b\" data-element_type=\"widget\" data-e-type=\"widget\" data-widget_type=\"image.default\">\n\t\t\t\t<div class=\"elementor-widget-container\">\n\t\t\t\t\t\t\t\t\t\t\t\t\t\t\t\t<a href=\"#elementor-action%3Aaction%3Dpopup%3Aopen%26settings%3DeyJpZCI6IjcxOTIiLCJ0b2dnbGUiOnRydWV9\">\n\t\t\t\t\t\t\t<img loading=\"lazy\" decoding=\"async\" width=\"600\" height=\"600\" src=\"https:\/\/emakumeak.eus\/wp-content\/uploads\/2025\/01\/cristina-rosenvinge-congreso-emakumeak-kongresua-600x600-2.jpg\" class=\"attachment-large size-large wp-image-2374\" alt=\"\" srcset=\"https:\/\/emakumeak.eus\/wp-content\/uploads\/2025\/01\/cristina-rosenvinge-congreso-emakumeak-kongresua-600x600-2.jpg 600w, https:\/\/emakumeak.eus\/wp-content\/uploads\/2025\/01\/cristina-rosenvinge-congreso-emakumeak-kongresua-600x600-2-300x300.jpg 300w, https:\/\/emakumeak.eus\/wp-content\/uploads\/2025\/01\/cristina-rosenvinge-congreso-emakumeak-kongresua-600x600-2-150x150.jpg 150w, https:\/\/emakumeak.eus\/wp-content\/uploads\/2025\/01\/cristina-rosenvinge-congreso-emakumeak-kongresua-600x600-2-100x100.jpg 100w\" sizes=\"(max-width: 600px) 100vw, 600px\" \/>\t\t\t\t\t\t\t\t<\/a>\n\t\t\t\t\t\t\t\t\t\t\t\t\t\t\t<\/div>\n\t\t\t\t<\/div>\n\t\t\t\t<div class=\"elementor-element elementor-element-50b22a1 elementor-widget elementor-widget-spacer\" data-id=\"50b22a1\" data-element_type=\"widget\" data-e-type=\"widget\" data-widget_type=\"spacer.default\">\n\t\t\t\t<div class=\"elementor-widget-container\">\n\t\t\t\t\t\t\t<div class=\"elementor-spacer\">\n\t\t\t<div class=\"elementor-spacer-inner\"><\/div>\n\t\t<\/div>\n\t\t\t\t\t\t<\/div>\n\t\t\t\t<\/div>\n\t\t\t\t<div class=\"elementor-element elementor-element-5b1b2e9 elementor-widget elementor-widget-heading\" data-id=\"5b1b2e9\" data-element_type=\"widget\" data-e-type=\"widget\" data-widget_type=\"heading.default\">\n\t\t\t\t<div class=\"elementor-widget-container\">\n\t\t\t\t\t<h2 class=\"elementor-heading-title elementor-size-default\"><a href=\"#elementor-action%3Aaction%3Dpopup%3Aopen%26settings%3DeyJpZCI6IjcxOTIiLCJ0b2dnbGUiOnRydWV9\">CHRISTINA ROSENVINGE<\/a><\/h2>\t\t\t\t<\/div>\n\t\t\t\t<\/div>\n\t\t\t\t<div class=\"elementor-element elementor-element-99e0332 elementor-widget-divider--view-line elementor-widget elementor-widget-divider\" data-id=\"99e0332\" data-element_type=\"widget\" data-e-type=\"widget\" data-widget_type=\"divider.default\">\n\t\t\t\t<div class=\"elementor-widget-container\">\n\t\t\t\t\t\t\t<div class=\"elementor-divider\">\n\t\t\t<span class=\"elementor-divider-separator\">\n\t\t\t\t\t\t<\/span>\n\t\t<\/div>\n\t\t\t\t\t\t<\/div>\n\t\t\t\t<\/div>\n\t\t\t\t<div class=\"elementor-element elementor-element-0d4bcd9 elementor-widget elementor-widget-text-editor\" data-id=\"0d4bcd9\" data-element_type=\"widget\" data-e-type=\"widget\" data-widget_type=\"text-editor.default\">\n\t\t\t\t<div class=\"elementor-widget-container\">\n\t\t\t\t\t\t\t\t\t<p>Rock\/pop eta indie musikako kantautore espainiarra<\/p>\t\t\t\t\t\t\t\t<\/div>\n\t\t\t\t<\/div>\n\t\t\t\t\t<\/div>\n\t\t<\/div>\n\t\t\t\t\t<\/div>\n\t\t<\/section>\n\t\t\t\t<section class=\"elementor-section elementor-inner-section elementor-element elementor-element-4c01eeb elementor-section-boxed elementor-section-height-default elementor-section-height-default\" data-id=\"4c01eeb\" data-element_type=\"section\" data-e-type=\"section\">\n\t\t\t\t\t\t<div class=\"elementor-container elementor-column-gap-default\">\n\t\t\t\t\t<div class=\"elementor-column elementor-col-25 elementor-inner-column elementor-element elementor-element-3df1ccd\" data-id=\"3df1ccd\" data-element_type=\"column\" data-e-type=\"column\">\n\t\t\t<div class=\"elementor-widget-wrap elementor-element-populated\">\n\t\t\t\t\t\t<div class=\"elementor-element elementor-element-c8bd277 elementor-widget__width-initial elementor-widget elementor-widget-image\" data-id=\"c8bd277\" data-element_type=\"widget\" data-e-type=\"widget\" data-widget_type=\"image.default\">\n\t\t\t\t<div class=\"elementor-widget-container\">\n\t\t\t\t\t\t\t\t\t\t\t\t\t\t\t\t<a href=\"#elementor-action%3Aaction%3Dpopup%3Aopen%26settings%3DeyJpZCI6IjcxOTMiLCJ0b2dnbGUiOnRydWV9\">\n\t\t\t\t\t\t\t<img loading=\"lazy\" decoding=\"async\" width=\"600\" height=\"600\" src=\"https:\/\/emakumeak.eus\/wp-content\/uploads\/2025\/01\/rosa-maria-calaf-congreso-emakumeak-600x600-2.jpg\" class=\"attachment-large size-large wp-image-2375\" alt=\"\" srcset=\"https:\/\/emakumeak.eus\/wp-content\/uploads\/2025\/01\/rosa-maria-calaf-congreso-emakumeak-600x600-2.jpg 600w, https:\/\/emakumeak.eus\/wp-content\/uploads\/2025\/01\/rosa-maria-calaf-congreso-emakumeak-600x600-2-300x300.jpg 300w, https:\/\/emakumeak.eus\/wp-content\/uploads\/2025\/01\/rosa-maria-calaf-congreso-emakumeak-600x600-2-150x150.jpg 150w, https:\/\/emakumeak.eus\/wp-content\/uploads\/2025\/01\/rosa-maria-calaf-congreso-emakumeak-600x600-2-100x100.jpg 100w\" sizes=\"(max-width: 600px) 100vw, 600px\" \/>\t\t\t\t\t\t\t\t<\/a>\n\t\t\t\t\t\t\t\t\t\t\t\t\t\t\t<\/div>\n\t\t\t\t<\/div>\n\t\t\t\t<div class=\"elementor-element elementor-element-fcf3f81 elementor-widget elementor-widget-spacer\" data-id=\"fcf3f81\" data-element_type=\"widget\" data-e-type=\"widget\" data-widget_type=\"spacer.default\">\n\t\t\t\t<div class=\"elementor-widget-container\">\n\t\t\t\t\t\t\t<div class=\"elementor-spacer\">\n\t\t\t<div class=\"elementor-spacer-inner\"><\/div>\n\t\t<\/div>\n\t\t\t\t\t\t<\/div>\n\t\t\t\t<\/div>\n\t\t\t\t<div class=\"elementor-element elementor-element-5e19b0d elementor-widget elementor-widget-heading\" data-id=\"5e19b0d\" data-element_type=\"widget\" data-e-type=\"widget\" data-widget_type=\"heading.default\">\n\t\t\t\t<div class=\"elementor-widget-container\">\n\t\t\t\t\t<h2 class=\"elementor-heading-title elementor-size-default\"><a href=\"#elementor-action%3Aaction%3Dpopup%3Aopen%26settings%3DeyJpZCI6IjcxOTMiLCJ0b2dnbGUiOnRydWV9\">ROSA MAR\u00cdA CALAF<\/a><\/h2>\t\t\t\t<\/div>\n\t\t\t\t<\/div>\n\t\t\t\t<div class=\"elementor-element elementor-element-92785a6 elementor-widget-divider--view-line elementor-widget elementor-widget-divider\" data-id=\"92785a6\" data-element_type=\"widget\" data-e-type=\"widget\" data-widget_type=\"divider.default\">\n\t\t\t\t<div class=\"elementor-widget-container\">\n\t\t\t\t\t\t\t<div class=\"elementor-divider\">\n\t\t\t<span class=\"elementor-divider-separator\">\n\t\t\t\t\t\t<\/span>\n\t\t<\/div>\n\t\t\t\t\t\t<\/div>\n\t\t\t\t<\/div>\n\t\t\t\t<div class=\"elementor-element elementor-element-346a99f elementor-widget elementor-widget-text-editor\" data-id=\"346a99f\" data-element_type=\"widget\" data-e-type=\"widget\" data-widget_type=\"text-editor.default\">\n\t\t\t\t<div class=\"elementor-widget-container\">\n\t\t\t\t\t\t\t\t\t<p>Espainiako kazetaria<\/p>\t\t\t\t\t\t\t\t<\/div>\n\t\t\t\t<\/div>\n\t\t\t\t\t<\/div>\n\t\t<\/div>\n\t\t\t\t<div class=\"elementor-column elementor-col-25 elementor-inner-column elementor-element elementor-element-9576f06\" data-id=\"9576f06\" data-element_type=\"column\" data-e-type=\"column\">\n\t\t\t<div class=\"elementor-widget-wrap elementor-element-populated\">\n\t\t\t\t\t\t<div class=\"elementor-element elementor-element-5b701df elementor-widget__width-initial elementor-widget elementor-widget-image\" data-id=\"5b701df\" data-element_type=\"widget\" data-e-type=\"widget\" data-widget_type=\"image.default\">\n\t\t\t\t<div class=\"elementor-widget-container\">\n\t\t\t\t\t\t\t\t\t\t\t\t\t\t\t\t<a href=\"#elementor-action%3Aaction%3Dpopup%3Aopen%26settings%3DeyJpZCI6IjcxOTQiLCJ0b2dnbGUiOnRydWV9\">\n\t\t\t\t\t\t\t<img loading=\"lazy\" decoding=\"async\" width=\"600\" height=\"600\" src=\"https:\/\/emakumeak.eus\/wp-content\/uploads\/2025\/01\/paloma-del-rio-congreso-emakumeak-kongresua-600x600-1.jpg\" class=\"attachment-large size-large wp-image-2376\" alt=\"\" srcset=\"https:\/\/emakumeak.eus\/wp-content\/uploads\/2025\/01\/paloma-del-rio-congreso-emakumeak-kongresua-600x600-1.jpg 600w, https:\/\/emakumeak.eus\/wp-content\/uploads\/2025\/01\/paloma-del-rio-congreso-emakumeak-kongresua-600x600-1-300x300.jpg 300w, https:\/\/emakumeak.eus\/wp-content\/uploads\/2025\/01\/paloma-del-rio-congreso-emakumeak-kongresua-600x600-1-150x150.jpg 150w, https:\/\/emakumeak.eus\/wp-content\/uploads\/2025\/01\/paloma-del-rio-congreso-emakumeak-kongresua-600x600-1-100x100.jpg 100w\" sizes=\"(max-width: 600px) 100vw, 600px\" \/>\t\t\t\t\t\t\t\t<\/a>\n\t\t\t\t\t\t\t\t\t\t\t\t\t\t\t<\/div>\n\t\t\t\t<\/div>\n\t\t\t\t<div class=\"elementor-element elementor-element-bec1ece elementor-widget elementor-widget-spacer\" data-id=\"bec1ece\" data-element_type=\"widget\" data-e-type=\"widget\" data-widget_type=\"spacer.default\">\n\t\t\t\t<div class=\"elementor-widget-container\">\n\t\t\t\t\t\t\t<div class=\"elementor-spacer\">\n\t\t\t<div class=\"elementor-spacer-inner\"><\/div>\n\t\t<\/div>\n\t\t\t\t\t\t<\/div>\n\t\t\t\t<\/div>\n\t\t\t\t<div class=\"elementor-element elementor-element-c9fb445 elementor-widget elementor-widget-heading\" data-id=\"c9fb445\" data-element_type=\"widget\" data-e-type=\"widget\" data-widget_type=\"heading.default\">\n\t\t\t\t<div class=\"elementor-widget-container\">\n\t\t\t\t\t<h2 class=\"elementor-heading-title elementor-size-default\"><a href=\"#elementor-action%3Aaction%3Dpopup%3Aopen%26settings%3DeyJpZCI6IjcxOTQiLCJ0b2dnbGUiOnRydWV9\">PALOMA DEL R\u00cdO<\/a><\/h2>\t\t\t\t<\/div>\n\t\t\t\t<\/div>\n\t\t\t\t<div class=\"elementor-element elementor-element-927c1fc elementor-widget-divider--view-line elementor-widget elementor-widget-divider\" data-id=\"927c1fc\" data-element_type=\"widget\" data-e-type=\"widget\" data-widget_type=\"divider.default\">\n\t\t\t\t<div class=\"elementor-widget-container\">\n\t\t\t\t\t\t\t<div class=\"elementor-divider\">\n\t\t\t<span class=\"elementor-divider-separator\">\n\t\t\t\t\t\t<\/span>\n\t\t<\/div>\n\t\t\t\t\t\t<\/div>\n\t\t\t\t<\/div>\n\t\t\t\t<div class=\"elementor-element elementor-element-892d63a elementor-widget elementor-widget-text-editor\" data-id=\"892d63a\" data-element_type=\"widget\" data-e-type=\"widget\" data-widget_type=\"text-editor.default\">\n\t\t\t\t<div class=\"elementor-widget-container\">\n\t\t\t\t\t\t\t\t\t<p>Espainiako kirol kazetaria TVEn<\/p>\t\t\t\t\t\t\t\t<\/div>\n\t\t\t\t<\/div>\n\t\t\t\t\t<\/div>\n\t\t<\/div>\n\t\t\t\t<div class=\"elementor-column elementor-col-25 elementor-inner-column elementor-element elementor-element-f0a6bdd\" data-id=\"f0a6bdd\" data-element_type=\"column\" data-e-type=\"column\">\n\t\t\t<div class=\"elementor-widget-wrap elementor-element-populated\">\n\t\t\t\t\t\t<div class=\"elementor-element elementor-element-7c794e0 elementor-widget__width-initial elementor-widget elementor-widget-image\" data-id=\"7c794e0\" data-element_type=\"widget\" data-e-type=\"widget\" data-widget_type=\"image.default\">\n\t\t\t\t<div class=\"elementor-widget-container\">\n\t\t\t\t\t\t\t\t\t\t\t\t\t\t\t\t<a href=\"#elementor-action%3Aaction%3Dpopup%3Aopen%26settings%3DeyJpZCI6IjcxOTUiLCJ0b2dnbGUiOnRydWV9\">\n\t\t\t\t\t\t\t<img loading=\"lazy\" decoding=\"async\" width=\"600\" height=\"600\" src=\"https:\/\/emakumeak.eus\/wp-content\/uploads\/2025\/01\/elena-arzak-congreso-emakumeak-kongresua-600x600-1.jpg\" class=\"attachment-large size-large wp-image-2377\" alt=\"\" srcset=\"https:\/\/emakumeak.eus\/wp-content\/uploads\/2025\/01\/elena-arzak-congreso-emakumeak-kongresua-600x600-1.jpg 600w, https:\/\/emakumeak.eus\/wp-content\/uploads\/2025\/01\/elena-arzak-congreso-emakumeak-kongresua-600x600-1-300x300.jpg 300w, https:\/\/emakumeak.eus\/wp-content\/uploads\/2025\/01\/elena-arzak-congreso-emakumeak-kongresua-600x600-1-150x150.jpg 150w, https:\/\/emakumeak.eus\/wp-content\/uploads\/2025\/01\/elena-arzak-congreso-emakumeak-kongresua-600x600-1-100x100.jpg 100w\" sizes=\"(max-width: 600px) 100vw, 600px\" \/>\t\t\t\t\t\t\t\t<\/a>\n\t\t\t\t\t\t\t\t\t\t\t\t\t\t\t<\/div>\n\t\t\t\t<\/div>\n\t\t\t\t<div class=\"elementor-element elementor-element-7aefd7e elementor-widget elementor-widget-spacer\" data-id=\"7aefd7e\" data-element_type=\"widget\" data-e-type=\"widget\" data-widget_type=\"spacer.default\">\n\t\t\t\t<div class=\"elementor-widget-container\">\n\t\t\t\t\t\t\t<div class=\"elementor-spacer\">\n\t\t\t<div class=\"elementor-spacer-inner\"><\/div>\n\t\t<\/div>\n\t\t\t\t\t\t<\/div>\n\t\t\t\t<\/div>\n\t\t\t\t<div class=\"elementor-element elementor-element-0f1b421 elementor-widget elementor-widget-heading\" data-id=\"0f1b421\" data-element_type=\"widget\" data-e-type=\"widget\" data-widget_type=\"heading.default\">\n\t\t\t\t<div class=\"elementor-widget-container\">\n\t\t\t\t\t<h2 class=\"elementor-heading-title elementor-size-default\"><a href=\"#elementor-action%3Aaction%3Dpopup%3Aopen%26settings%3DeyJpZCI6IjcxOTUiLCJ0b2dnbGUiOnRydWV9\">ELENA ARZAK<\/a><\/h2>\t\t\t\t<\/div>\n\t\t\t\t<\/div>\n\t\t\t\t<div class=\"elementor-element elementor-element-7a17fc1 elementor-widget-divider--view-line elementor-widget elementor-widget-divider\" data-id=\"7a17fc1\" data-element_type=\"widget\" data-e-type=\"widget\" data-widget_type=\"divider.default\">\n\t\t\t\t<div class=\"elementor-widget-container\">\n\t\t\t\t\t\t\t<div class=\"elementor-divider\">\n\t\t\t<span class=\"elementor-divider-separator\">\n\t\t\t\t\t\t<\/span>\n\t\t<\/div>\n\t\t\t\t\t\t<\/div>\n\t\t\t\t<\/div>\n\t\t\t\t<div class=\"elementor-element elementor-element-a18bd5a elementor-widget elementor-widget-text-editor\" data-id=\"a18bd5a\" data-element_type=\"widget\" data-e-type=\"widget\" data-widget_type=\"text-editor.default\">\n\t\t\t\t<div class=\"elementor-widget-container\">\n\t\t\t\t\t\t\t\t\t<p>Euskal sukaldari ospetsua eta saritua<\/p>\t\t\t\t\t\t\t\t<\/div>\n\t\t\t\t<\/div>\n\t\t\t\t\t<\/div>\n\t\t<\/div>\n\t\t\t\t<div class=\"elementor-column elementor-col-25 elementor-inner-column elementor-element elementor-element-aa4fa8e\" data-id=\"aa4fa8e\" data-element_type=\"column\" data-e-type=\"column\">\n\t\t\t<div class=\"elementor-widget-wrap elementor-element-populated\">\n\t\t\t\t\t\t<div class=\"elementor-element elementor-element-433ad09 elementor-widget__width-initial elementor-widget elementor-widget-image\" data-id=\"433ad09\" data-element_type=\"widget\" data-e-type=\"widget\" data-widget_type=\"image.default\">\n\t\t\t\t<div class=\"elementor-widget-container\">\n\t\t\t\t\t\t\t\t\t\t\t\t\t\t\t\t<a href=\"#elementor-action%3Aaction%3Dpopup%3Aopen%26settings%3DeyJpZCI6IjcxOTYiLCJ0b2dnbGUiOnRydWV9\">\n\t\t\t\t\t\t\t<img loading=\"lazy\" decoding=\"async\" width=\"600\" height=\"600\" src=\"https:\/\/emakumeak.eus\/wp-content\/uploads\/2025\/01\/cecilia-castano-emakumeak-congreso-500x500-2.jpg\" class=\"attachment-large size-large wp-image-2378\" alt=\"\" srcset=\"https:\/\/emakumeak.eus\/wp-content\/uploads\/2025\/01\/cecilia-castano-emakumeak-congreso-500x500-2.jpg 600w, https:\/\/emakumeak.eus\/wp-content\/uploads\/2025\/01\/cecilia-castano-emakumeak-congreso-500x500-2-300x300.jpg 300w, https:\/\/emakumeak.eus\/wp-content\/uploads\/2025\/01\/cecilia-castano-emakumeak-congreso-500x500-2-150x150.jpg 150w, https:\/\/emakumeak.eus\/wp-content\/uploads\/2025\/01\/cecilia-castano-emakumeak-congreso-500x500-2-100x100.jpg 100w\" sizes=\"(max-width: 600px) 100vw, 600px\" \/>\t\t\t\t\t\t\t\t<\/a>\n\t\t\t\t\t\t\t\t\t\t\t\t\t\t\t<\/div>\n\t\t\t\t<\/div>\n\t\t\t\t<div class=\"elementor-element elementor-element-de43a46 elementor-widget elementor-widget-spacer\" data-id=\"de43a46\" data-element_type=\"widget\" data-e-type=\"widget\" data-widget_type=\"spacer.default\">\n\t\t\t\t<div class=\"elementor-widget-container\">\n\t\t\t\t\t\t\t<div class=\"elementor-spacer\">\n\t\t\t<div class=\"elementor-spacer-inner\"><\/div>\n\t\t<\/div>\n\t\t\t\t\t\t<\/div>\n\t\t\t\t<\/div>\n\t\t\t\t<div class=\"elementor-element elementor-element-20a9137 elementor-widget elementor-widget-heading\" data-id=\"20a9137\" data-element_type=\"widget\" data-e-type=\"widget\" data-widget_type=\"heading.default\">\n\t\t\t\t<div class=\"elementor-widget-container\">\n\t\t\t\t\t<h2 class=\"elementor-heading-title elementor-size-default\"><a href=\"#elementor-action%3Aaction%3Dpopup%3Aopen%26settings%3DeyJpZCI6IjcxOTYiLCJ0b2dnbGUiOnRydWV9\">CECILIA CASTA\u00d1O<\/a><\/h2>\t\t\t\t<\/div>\n\t\t\t\t<\/div>\n\t\t\t\t<div class=\"elementor-element elementor-element-31de719 elementor-widget-divider--view-line elementor-widget elementor-widget-divider\" data-id=\"31de719\" data-element_type=\"widget\" data-e-type=\"widget\" data-widget_type=\"divider.default\">\n\t\t\t\t<div class=\"elementor-widget-container\">\n\t\t\t\t\t\t\t<div class=\"elementor-divider\">\n\t\t\t<span class=\"elementor-divider-separator\">\n\t\t\t\t\t\t<\/span>\n\t\t<\/div>\n\t\t\t\t\t\t<\/div>\n\t\t\t\t<\/div>\n\t\t\t\t<div class=\"elementor-element elementor-element-1c0d601 elementor-widget elementor-widget-text-editor\" data-id=\"1c0d601\" data-element_type=\"widget\" data-e-type=\"widget\" data-widget_type=\"text-editor.default\">\n\t\t\t\t<div class=\"elementor-widget-container\">\n\t\t\t\t\t\t\t\t\t<p>Zientzia Politikoetan doktorea eta Ekonomia Aplikatuko katedraduna<\/p>\t\t\t\t\t\t\t\t<\/div>\n\t\t\t\t<\/div>\n\t\t\t\t\t<\/div>\n\t\t<\/div>\n\t\t\t\t\t<\/div>\n\t\t<\/section>\n\t\t\t\t<section class=\"elementor-section elementor-inner-section elementor-element elementor-element-7ac8f29 elementor-section-boxed elementor-section-height-default elementor-section-height-default\" data-id=\"7ac8f29\" data-element_type=\"section\" data-e-type=\"section\">\n\t\t\t\t\t\t<div class=\"elementor-container elementor-column-gap-default\">\n\t\t\t\t\t<div class=\"elementor-column elementor-col-25 elementor-inner-column elementor-element elementor-element-1906e7e\" data-id=\"1906e7e\" data-element_type=\"column\" data-e-type=\"column\">\n\t\t\t<div class=\"elementor-widget-wrap elementor-element-populated\">\n\t\t\t\t\t\t<div class=\"elementor-element elementor-element-99387df elementor-widget__width-initial elementor-widget elementor-widget-image\" data-id=\"99387df\" data-element_type=\"widget\" data-e-type=\"widget\" data-widget_type=\"image.default\">\n\t\t\t\t<div class=\"elementor-widget-container\">\n\t\t\t\t\t\t\t\t\t\t\t\t\t\t\t\t<a href=\"#elementor-action%3Aaction%3Dpopup%3Aopen%26settings%3DeyJpZCI6IjcyMDkiLCJ0b2dnbGUiOnRydWV9\">\n\t\t\t\t\t\t\t<img loading=\"lazy\" decoding=\"async\" width=\"600\" height=\"600\" src=\"https:\/\/emakumeak.eus\/wp-content\/uploads\/2025\/01\/maria-marte-congreso-emakumeak-kongresua-600x600-2.jpg\" class=\"attachment-large size-large wp-image-2384\" alt=\"\" srcset=\"https:\/\/emakumeak.eus\/wp-content\/uploads\/2025\/01\/maria-marte-congreso-emakumeak-kongresua-600x600-2.jpg 600w, https:\/\/emakumeak.eus\/wp-content\/uploads\/2025\/01\/maria-marte-congreso-emakumeak-kongresua-600x600-2-300x300.jpg 300w, https:\/\/emakumeak.eus\/wp-content\/uploads\/2025\/01\/maria-marte-congreso-emakumeak-kongresua-600x600-2-150x150.jpg 150w, https:\/\/emakumeak.eus\/wp-content\/uploads\/2025\/01\/maria-marte-congreso-emakumeak-kongresua-600x600-2-100x100.jpg 100w\" sizes=\"(max-width: 600px) 100vw, 600px\" \/>\t\t\t\t\t\t\t\t<\/a>\n\t\t\t\t\t\t\t\t\t\t\t\t\t\t\t<\/div>\n\t\t\t\t<\/div>\n\t\t\t\t<div class=\"elementor-element elementor-element-203dd14 elementor-widget elementor-widget-spacer\" data-id=\"203dd14\" data-element_type=\"widget\" data-e-type=\"widget\" data-widget_type=\"spacer.default\">\n\t\t\t\t<div class=\"elementor-widget-container\">\n\t\t\t\t\t\t\t<div class=\"elementor-spacer\">\n\t\t\t<div class=\"elementor-spacer-inner\"><\/div>\n\t\t<\/div>\n\t\t\t\t\t\t<\/div>\n\t\t\t\t<\/div>\n\t\t\t\t<div class=\"elementor-element elementor-element-5563d7d elementor-widget elementor-widget-heading\" data-id=\"5563d7d\" data-element_type=\"widget\" data-e-type=\"widget\" data-widget_type=\"heading.default\">\n\t\t\t\t<div class=\"elementor-widget-container\">\n\t\t\t\t\t<h2 class=\"elementor-heading-title elementor-size-default\"><a href=\"#elementor-action%3Aaction%3Dpopup%3Aopen%26settings%3DeyJpZCI6IjcyMDkiLCJ0b2dnbGUiOnRydWV9\">MAR\u00cdA MARTE<\/a><\/h2>\t\t\t\t<\/div>\n\t\t\t\t<\/div>\n\t\t\t\t<div class=\"elementor-element elementor-element-0cf222f elementor-widget-divider--view-line elementor-widget elementor-widget-divider\" data-id=\"0cf222f\" data-element_type=\"widget\" data-e-type=\"widget\" data-widget_type=\"divider.default\">\n\t\t\t\t<div class=\"elementor-widget-container\">\n\t\t\t\t\t\t\t<div class=\"elementor-divider\">\n\t\t\t<span class=\"elementor-divider-separator\">\n\t\t\t\t\t\t<\/span>\n\t\t<\/div>\n\t\t\t\t\t\t<\/div>\n\t\t\t\t<\/div>\n\t\t\t\t<div class=\"elementor-element elementor-element-15059c9 elementor-widget elementor-widget-text-editor\" data-id=\"15059c9\" data-element_type=\"widget\" data-e-type=\"widget\" data-widget_type=\"text-editor.default\">\n\t\t\t\t<div class=\"elementor-widget-container\">\n\t\t\t\t\t\t\t\t\t<p>Sukaldari dominikarra, bi Michel\u00edn izarrekin saritua<\/p>\t\t\t\t\t\t\t\t<\/div>\n\t\t\t\t<\/div>\n\t\t\t\t\t<\/div>\n\t\t<\/div>\n\t\t\t\t<div class=\"elementor-column elementor-col-25 elementor-inner-column elementor-element elementor-element-d35e3f9\" data-id=\"d35e3f9\" data-element_type=\"column\" data-e-type=\"column\">\n\t\t\t<div class=\"elementor-widget-wrap elementor-element-populated\">\n\t\t\t\t\t\t<div class=\"elementor-element elementor-element-a041cac elementor-widget__width-initial elementor-widget elementor-widget-image\" data-id=\"a041cac\" data-element_type=\"widget\" data-e-type=\"widget\" data-widget_type=\"image.default\">\n\t\t\t\t<div class=\"elementor-widget-container\">\n\t\t\t\t\t\t\t\t\t\t\t\t\t\t\t\t<a href=\"#elementor-action%3Aaction%3Dpopup%3Aopen%26settings%3DeyJpZCI6IjcyMTAiLCJ0b2dnbGUiOnRydWV9\">\n\t\t\t\t\t\t\t<img loading=\"lazy\" decoding=\"async\" width=\"600\" height=\"600\" src=\"https:\/\/emakumeak.eus\/wp-content\/uploads\/2025\/01\/mabel-lozano-congreso-emakumeak-kongresua-600x600-1.jpg\" class=\"attachment-large size-large wp-image-2385\" alt=\"\" srcset=\"https:\/\/emakumeak.eus\/wp-content\/uploads\/2025\/01\/mabel-lozano-congreso-emakumeak-kongresua-600x600-1.jpg 600w, https:\/\/emakumeak.eus\/wp-content\/uploads\/2025\/01\/mabel-lozano-congreso-emakumeak-kongresua-600x600-1-300x300.jpg 300w, https:\/\/emakumeak.eus\/wp-content\/uploads\/2025\/01\/mabel-lozano-congreso-emakumeak-kongresua-600x600-1-150x150.jpg 150w, https:\/\/emakumeak.eus\/wp-content\/uploads\/2025\/01\/mabel-lozano-congreso-emakumeak-kongresua-600x600-1-100x100.jpg 100w\" sizes=\"(max-width: 600px) 100vw, 600px\" \/>\t\t\t\t\t\t\t\t<\/a>\n\t\t\t\t\t\t\t\t\t\t\t\t\t\t\t<\/div>\n\t\t\t\t<\/div>\n\t\t\t\t<div class=\"elementor-element elementor-element-9ed58dd elementor-widget elementor-widget-spacer\" data-id=\"9ed58dd\" data-element_type=\"widget\" data-e-type=\"widget\" data-widget_type=\"spacer.default\">\n\t\t\t\t<div class=\"elementor-widget-container\">\n\t\t\t\t\t\t\t<div class=\"elementor-spacer\">\n\t\t\t<div class=\"elementor-spacer-inner\"><\/div>\n\t\t<\/div>\n\t\t\t\t\t\t<\/div>\n\t\t\t\t<\/div>\n\t\t\t\t<div class=\"elementor-element elementor-element-67363cb elementor-widget elementor-widget-heading\" data-id=\"67363cb\" data-element_type=\"widget\" data-e-type=\"widget\" data-widget_type=\"heading.default\">\n\t\t\t\t<div class=\"elementor-widget-container\">\n\t\t\t\t\t<h2 class=\"elementor-heading-title elementor-size-default\"><a href=\"#elementor-action%3Aaction%3Dpopup%3Aopen%26settings%3DeyJpZCI6IjcyMTAiLCJ0b2dnbGUiOnRydWV9\">MABEL LOZANO<\/a><\/h2>\t\t\t\t<\/div>\n\t\t\t\t<\/div>\n\t\t\t\t<div class=\"elementor-element elementor-element-1bf6cfc elementor-widget-divider--view-line elementor-widget elementor-widget-divider\" data-id=\"1bf6cfc\" data-element_type=\"widget\" data-e-type=\"widget\" data-widget_type=\"divider.default\">\n\t\t\t\t<div class=\"elementor-widget-container\">\n\t\t\t\t\t\t\t<div class=\"elementor-divider\">\n\t\t\t<span class=\"elementor-divider-separator\">\n\t\t\t\t\t\t<\/span>\n\t\t<\/div>\n\t\t\t\t\t\t<\/div>\n\t\t\t\t<\/div>\n\t\t\t\t<div class=\"elementor-element elementor-element-7010761 elementor-widget elementor-widget-text-editor\" data-id=\"7010761\" data-element_type=\"widget\" data-e-type=\"widget\" data-widget_type=\"text-editor.default\">\n\t\t\t\t<div class=\"elementor-widget-container\">\n\t\t\t\t\t\t\t\t\t<p>Gizarte-zinemaren gidoilaria, ekoizlea eta zuzendaria<\/p>\t\t\t\t\t\t\t\t<\/div>\n\t\t\t\t<\/div>\n\t\t\t\t\t<\/div>\n\t\t<\/div>\n\t\t\t\t<div class=\"elementor-column elementor-col-25 elementor-inner-column elementor-element elementor-element-ec74370\" data-id=\"ec74370\" data-element_type=\"column\" data-e-type=\"column\">\n\t\t\t<div class=\"elementor-widget-wrap elementor-element-populated\">\n\t\t\t\t\t\t<div class=\"elementor-element elementor-element-8a550e2 elementor-widget__width-initial elementor-widget elementor-widget-image\" data-id=\"8a550e2\" data-element_type=\"widget\" data-e-type=\"widget\" data-widget_type=\"image.default\">\n\t\t\t\t<div class=\"elementor-widget-container\">\n\t\t\t\t\t\t\t\t\t\t\t\t\t\t\t\t<a href=\"#elementor-action%3Aaction%3Dpopup%3Aopen%26settings%3DeyJpZCI6IjcyMTEiLCJ0b2dnbGUiOnRydWV9\">\n\t\t\t\t\t\t\t<img loading=\"lazy\" decoding=\"async\" width=\"600\" height=\"600\" src=\"https:\/\/emakumeak.eus\/wp-content\/uploads\/2025\/01\/nieves-barragan-congreso-emakumeak-kongresua_600x600.jpg\" class=\"attachment-large size-large wp-image-2386\" alt=\"\" srcset=\"https:\/\/emakumeak.eus\/wp-content\/uploads\/2025\/01\/nieves-barragan-congreso-emakumeak-kongresua_600x600.jpg 600w, https:\/\/emakumeak.eus\/wp-content\/uploads\/2025\/01\/nieves-barragan-congreso-emakumeak-kongresua_600x600-300x300.jpg 300w, https:\/\/emakumeak.eus\/wp-content\/uploads\/2025\/01\/nieves-barragan-congreso-emakumeak-kongresua_600x600-150x150.jpg 150w, https:\/\/emakumeak.eus\/wp-content\/uploads\/2025\/01\/nieves-barragan-congreso-emakumeak-kongresua_600x600-100x100.jpg 100w\" sizes=\"(max-width: 600px) 100vw, 600px\" \/>\t\t\t\t\t\t\t\t<\/a>\n\t\t\t\t\t\t\t\t\t\t\t\t\t\t\t<\/div>\n\t\t\t\t<\/div>\n\t\t\t\t<div class=\"elementor-element elementor-element-a1a3158 elementor-widget elementor-widget-spacer\" data-id=\"a1a3158\" data-element_type=\"widget\" data-e-type=\"widget\" data-widget_type=\"spacer.default\">\n\t\t\t\t<div class=\"elementor-widget-container\">\n\t\t\t\t\t\t\t<div class=\"elementor-spacer\">\n\t\t\t<div class=\"elementor-spacer-inner\"><\/div>\n\t\t<\/div>\n\t\t\t\t\t\t<\/div>\n\t\t\t\t<\/div>\n\t\t\t\t<div class=\"elementor-element elementor-element-1ced6e6 elementor-widget elementor-widget-heading\" data-id=\"1ced6e6\" data-element_type=\"widget\" data-e-type=\"widget\" data-widget_type=\"heading.default\">\n\t\t\t\t<div class=\"elementor-widget-container\">\n\t\t\t\t\t<h2 class=\"elementor-heading-title elementor-size-default\"><a href=\"#elementor-action%3Aaction%3Dpopup%3Aopen%26settings%3DeyJpZCI6IjcyMTEiLCJ0b2dnbGUiOnRydWV9\">NIEVES BARRAG\u00c1N<\/a><\/h2>\t\t\t\t<\/div>\n\t\t\t\t<\/div>\n\t\t\t\t<div class=\"elementor-element elementor-element-1876674 elementor-widget-divider--view-line elementor-widget elementor-widget-divider\" data-id=\"1876674\" data-element_type=\"widget\" data-e-type=\"widget\" data-widget_type=\"divider.default\">\n\t\t\t\t<div class=\"elementor-widget-container\">\n\t\t\t\t\t\t\t<div class=\"elementor-divider\">\n\t\t\t<span class=\"elementor-divider-separator\">\n\t\t\t\t\t\t<\/span>\n\t\t<\/div>\n\t\t\t\t\t\t<\/div>\n\t\t\t\t<\/div>\n\t\t\t\t<div class=\"elementor-element elementor-element-36b43e6 elementor-widget elementor-widget-text-editor\" data-id=\"36b43e6\" data-element_type=\"widget\" data-e-type=\"widget\" data-widget_type=\"text-editor.default\">\n\t\t\t\t<div class=\"elementor-widget-container\">\n\t\t\t\t\t\t\t\t\t<p>Espainiako sukaldari ospetzua. Michelin izar bat irabazi zuen.<\/p>\t\t\t\t\t\t\t\t<\/div>\n\t\t\t\t<\/div>\n\t\t\t\t\t<\/div>\n\t\t<\/div>\n\t\t\t\t<div class=\"elementor-column elementor-col-25 elementor-inner-column elementor-element elementor-element-3d382e2\" data-id=\"3d382e2\" data-element_type=\"column\" data-e-type=\"column\">\n\t\t\t<div class=\"elementor-widget-wrap elementor-element-populated\">\n\t\t\t\t\t\t<div class=\"elementor-element elementor-element-c620e79 elementor-widget__width-initial elementor-widget elementor-widget-image\" data-id=\"c620e79\" data-element_type=\"widget\" data-e-type=\"widget\" data-widget_type=\"image.default\">\n\t\t\t\t<div class=\"elementor-widget-container\">\n\t\t\t\t\t\t\t\t\t\t\t\t\t\t\t\t<a href=\"#elementor-action%3Aaction%3Dpopup%3Aopen%26settings%3DeyJpZCI6IjcyMTIiLCJ0b2dnbGUiOnRydWV9\">\n\t\t\t\t\t\t\t<img loading=\"lazy\" decoding=\"async\" width=\"600\" height=\"600\" src=\"https:\/\/emakumeak.eus\/wp-content\/uploads\/2025\/01\/nuria-varela-congreso-emakumeak-kongresua-600x600_02-1.jpg\" class=\"attachment-large size-large wp-image-2387\" alt=\"\" srcset=\"https:\/\/emakumeak.eus\/wp-content\/uploads\/2025\/01\/nuria-varela-congreso-emakumeak-kongresua-600x600_02-1.jpg 600w, https:\/\/emakumeak.eus\/wp-content\/uploads\/2025\/01\/nuria-varela-congreso-emakumeak-kongresua-600x600_02-1-300x300.jpg 300w, https:\/\/emakumeak.eus\/wp-content\/uploads\/2025\/01\/nuria-varela-congreso-emakumeak-kongresua-600x600_02-1-150x150.jpg 150w, https:\/\/emakumeak.eus\/wp-content\/uploads\/2025\/01\/nuria-varela-congreso-emakumeak-kongresua-600x600_02-1-100x100.jpg 100w\" sizes=\"(max-width: 600px) 100vw, 600px\" \/>\t\t\t\t\t\t\t\t<\/a>\n\t\t\t\t\t\t\t\t\t\t\t\t\t\t\t<\/div>\n\t\t\t\t<\/div>\n\t\t\t\t<div class=\"elementor-element elementor-element-9782fad elementor-widget elementor-widget-spacer\" data-id=\"9782fad\" data-element_type=\"widget\" data-e-type=\"widget\" data-widget_type=\"spacer.default\">\n\t\t\t\t<div class=\"elementor-widget-container\">\n\t\t\t\t\t\t\t<div class=\"elementor-spacer\">\n\t\t\t<div class=\"elementor-spacer-inner\"><\/div>\n\t\t<\/div>\n\t\t\t\t\t\t<\/div>\n\t\t\t\t<\/div>\n\t\t\t\t<div class=\"elementor-element elementor-element-91677b8 elementor-widget elementor-widget-heading\" data-id=\"91677b8\" data-element_type=\"widget\" data-e-type=\"widget\" data-widget_type=\"heading.default\">\n\t\t\t\t<div class=\"elementor-widget-container\">\n\t\t\t\t\t<h2 class=\"elementor-heading-title elementor-size-default\"><a href=\"#elementor-action%3Aaction%3Dpopup%3Aopen%26settings%3DeyJpZCI6IjcyMTIiLCJ0b2dnbGUiOnRydWV9\">NURIA VARELA<\/a><\/h2>\t\t\t\t<\/div>\n\t\t\t\t<\/div>\n\t\t\t\t<div class=\"elementor-element elementor-element-0a9e6e1 elementor-widget-divider--view-line elementor-widget elementor-widget-divider\" data-id=\"0a9e6e1\" data-element_type=\"widget\" data-e-type=\"widget\" data-widget_type=\"divider.default\">\n\t\t\t\t<div class=\"elementor-widget-container\">\n\t\t\t\t\t\t\t<div class=\"elementor-divider\">\n\t\t\t<span class=\"elementor-divider-separator\">\n\t\t\t\t\t\t<\/span>\n\t\t<\/div>\n\t\t\t\t\t\t<\/div>\n\t\t\t\t<\/div>\n\t\t\t\t<div class=\"elementor-element elementor-element-b7f6ae5 elementor-widget elementor-widget-text-editor\" data-id=\"b7f6ae5\" data-element_type=\"widget\" data-e-type=\"widget\" data-widget_type=\"text-editor.default\">\n\t\t\t\t<div class=\"elementor-widget-container\">\n\t\t\t\t\t\t\t\t\t<p>Espainiar idazlea eta kazetaria<\/p>\t\t\t\t\t\t\t\t<\/div>\n\t\t\t\t<\/div>\n\t\t\t\t\t<\/div>\n\t\t<\/div>\n\t\t\t\t\t<\/div>\n\t\t<\/section>\n\t\t\t\t<section class=\"elementor-section elementor-inner-section elementor-element elementor-element-b67e2e1 elementor-section-boxed elementor-section-height-default elementor-section-height-default\" data-id=\"b67e2e1\" data-element_type=\"section\" data-e-type=\"section\">\n\t\t\t\t\t\t<div class=\"elementor-container elementor-column-gap-default\">\n\t\t\t\t\t<div class=\"elementor-column elementor-col-25 elementor-inner-column elementor-element elementor-element-1bef9d3\" data-id=\"1bef9d3\" data-element_type=\"column\" data-e-type=\"column\">\n\t\t\t<div class=\"elementor-widget-wrap elementor-element-populated\">\n\t\t\t\t\t\t<div class=\"elementor-element elementor-element-0d55e74 elementor-widget__width-initial elementor-widget elementor-widget-image\" data-id=\"0d55e74\" data-element_type=\"widget\" data-e-type=\"widget\" data-widget_type=\"image.default\">\n\t\t\t\t<div class=\"elementor-widget-container\">\n\t\t\t\t\t\t\t\t\t\t\t\t\t\t\t\t<a href=\"#elementor-action%3Aaction%3Dpopup%3Aopen%26settings%3DeyJpZCI6IjcyMTMiLCJ0b2dnbGUiOnRydWV9\">\n\t\t\t\t\t\t\t<img loading=\"lazy\" decoding=\"async\" width=\"600\" height=\"600\" src=\"https:\/\/emakumeak.eus\/wp-content\/uploads\/2025\/01\/ana-de-miguel-congreso-emakumeak-kongresua-600x600-2.jpg\" class=\"attachment-large size-large wp-image-2379\" alt=\"\" srcset=\"https:\/\/emakumeak.eus\/wp-content\/uploads\/2025\/01\/ana-de-miguel-congreso-emakumeak-kongresua-600x600-2.jpg 600w, https:\/\/emakumeak.eus\/wp-content\/uploads\/2025\/01\/ana-de-miguel-congreso-emakumeak-kongresua-600x600-2-300x300.jpg 300w, https:\/\/emakumeak.eus\/wp-content\/uploads\/2025\/01\/ana-de-miguel-congreso-emakumeak-kongresua-600x600-2-150x150.jpg 150w, https:\/\/emakumeak.eus\/wp-content\/uploads\/2025\/01\/ana-de-miguel-congreso-emakumeak-kongresua-600x600-2-100x100.jpg 100w\" sizes=\"(max-width: 600px) 100vw, 600px\" \/>\t\t\t\t\t\t\t\t<\/a>\n\t\t\t\t\t\t\t\t\t\t\t\t\t\t\t<\/div>\n\t\t\t\t<\/div>\n\t\t\t\t<div class=\"elementor-element elementor-element-48717ab elementor-widget elementor-widget-spacer\" data-id=\"48717ab\" data-element_type=\"widget\" data-e-type=\"widget\" data-widget_type=\"spacer.default\">\n\t\t\t\t<div class=\"elementor-widget-container\">\n\t\t\t\t\t\t\t<div class=\"elementor-spacer\">\n\t\t\t<div class=\"elementor-spacer-inner\"><\/div>\n\t\t<\/div>\n\t\t\t\t\t\t<\/div>\n\t\t\t\t<\/div>\n\t\t\t\t<div class=\"elementor-element elementor-element-4140460 elementor-widget elementor-widget-heading\" data-id=\"4140460\" data-element_type=\"widget\" data-e-type=\"widget\" data-widget_type=\"heading.default\">\n\t\t\t\t<div class=\"elementor-widget-container\">\n\t\t\t\t\t<h2 class=\"elementor-heading-title elementor-size-default\"><a href=\"#elementor-action%3Aaction%3Dpopup%3Aopen%26settings%3DeyJpZCI6IjcyMTMiLCJ0b2dnbGUiOnRydWV9\">ANA DE MIGUEL<\/a><\/h2>\t\t\t\t<\/div>\n\t\t\t\t<\/div>\n\t\t\t\t<div class=\"elementor-element elementor-element-b241cd7 elementor-widget-divider--view-line elementor-widget elementor-widget-divider\" data-id=\"b241cd7\" data-element_type=\"widget\" data-e-type=\"widget\" data-widget_type=\"divider.default\">\n\t\t\t\t<div class=\"elementor-widget-container\">\n\t\t\t\t\t\t\t<div class=\"elementor-divider\">\n\t\t\t<span class=\"elementor-divider-separator\">\n\t\t\t\t\t\t<\/span>\n\t\t<\/div>\n\t\t\t\t\t\t<\/div>\n\t\t\t\t<\/div>\n\t\t\t\t<div class=\"elementor-element elementor-element-1a9c33d elementor-widget elementor-widget-text-editor\" data-id=\"1a9c33d\" data-element_type=\"widget\" data-e-type=\"widget\" data-widget_type=\"text-editor.default\">\n\t\t\t\t<div class=\"elementor-widget-container\">\n\t\t\t\t\t\t\t\t\t<p>Espainiako filosofoa eta feminista<\/p>\t\t\t\t\t\t\t\t<\/div>\n\t\t\t\t<\/div>\n\t\t\t\t\t<\/div>\n\t\t<\/div>\n\t\t\t\t<div class=\"elementor-column elementor-col-25 elementor-inner-column elementor-element elementor-element-633e2b9\" data-id=\"633e2b9\" data-element_type=\"column\" data-e-type=\"column\">\n\t\t\t<div class=\"elementor-widget-wrap elementor-element-populated\">\n\t\t\t\t\t\t<div class=\"elementor-element elementor-element-0fed82e elementor-widget__width-initial elementor-widget elementor-widget-image\" data-id=\"0fed82e\" data-element_type=\"widget\" data-e-type=\"widget\" data-widget_type=\"image.default\">\n\t\t\t\t<div class=\"elementor-widget-container\">\n\t\t\t\t\t\t\t\t\t\t\t\t\t\t\t\t<a href=\"#elementor-action%3Aaction%3Dpopup%3Aopen%26settings%3DeyJpZCI6IjcyMTQiLCJ0b2dnbGUiOnRydWV9\">\n\t\t\t\t\t\t\t<img loading=\"lazy\" decoding=\"async\" width=\"600\" height=\"600\" src=\"https:\/\/emakumeak.eus\/wp-content\/uploads\/2025\/01\/maria-angeles-duran-congreso-emakumeak-kongresua-600x600-1.jpg\" class=\"attachment-large size-large wp-image-2381\" alt=\"\" srcset=\"https:\/\/emakumeak.eus\/wp-content\/uploads\/2025\/01\/maria-angeles-duran-congreso-emakumeak-kongresua-600x600-1.jpg 600w, https:\/\/emakumeak.eus\/wp-content\/uploads\/2025\/01\/maria-angeles-duran-congreso-emakumeak-kongresua-600x600-1-300x300.jpg 300w, https:\/\/emakumeak.eus\/wp-content\/uploads\/2025\/01\/maria-angeles-duran-congreso-emakumeak-kongresua-600x600-1-150x150.jpg 150w, https:\/\/emakumeak.eus\/wp-content\/uploads\/2025\/01\/maria-angeles-duran-congreso-emakumeak-kongresua-600x600-1-100x100.jpg 100w\" sizes=\"(max-width: 600px) 100vw, 600px\" \/>\t\t\t\t\t\t\t\t<\/a>\n\t\t\t\t\t\t\t\t\t\t\t\t\t\t\t<\/div>\n\t\t\t\t<\/div>\n\t\t\t\t<div class=\"elementor-element elementor-element-7ad04c2 elementor-widget elementor-widget-spacer\" data-id=\"7ad04c2\" data-element_type=\"widget\" data-e-type=\"widget\" data-widget_type=\"spacer.default\">\n\t\t\t\t<div class=\"elementor-widget-container\">\n\t\t\t\t\t\t\t<div class=\"elementor-spacer\">\n\t\t\t<div class=\"elementor-spacer-inner\"><\/div>\n\t\t<\/div>\n\t\t\t\t\t\t<\/div>\n\t\t\t\t<\/div>\n\t\t\t\t<div class=\"elementor-element elementor-element-232758a elementor-widget elementor-widget-heading\" data-id=\"232758a\" data-element_type=\"widget\" data-e-type=\"widget\" data-widget_type=\"heading.default\">\n\t\t\t\t<div class=\"elementor-widget-container\">\n\t\t\t\t\t<h2 class=\"elementor-heading-title elementor-size-default\"><a href=\"#elementor-action%3Aaction%3Dpopup%3Aopen%26settings%3DeyJpZCI6IjcyMTQiLCJ0b2dnbGUiOnRydWV9\">MAR\u00cdA \u00c1NGELES DUR\u00c1N<\/a><\/h2>\t\t\t\t<\/div>\n\t\t\t\t<\/div>\n\t\t\t\t<div class=\"elementor-element elementor-element-6ea1b06 elementor-widget-divider--view-line elementor-widget elementor-widget-divider\" data-id=\"6ea1b06\" data-element_type=\"widget\" data-e-type=\"widget\" data-widget_type=\"divider.default\">\n\t\t\t\t<div class=\"elementor-widget-container\">\n\t\t\t\t\t\t\t<div class=\"elementor-divider\">\n\t\t\t<span class=\"elementor-divider-separator\">\n\t\t\t\t\t\t<\/span>\n\t\t<\/div>\n\t\t\t\t\t\t<\/div>\n\t\t\t\t<\/div>\n\t\t\t\t<div class=\"elementor-element elementor-element-74365a7 elementor-widget elementor-widget-text-editor\" data-id=\"74365a7\" data-element_type=\"widget\" data-e-type=\"widget\" data-widget_type=\"text-editor.default\">\n\t\t\t\t<div class=\"elementor-widget-container\">\n\t\t\t\t\t\t\t\t\t<p>Espainiako ikertzailea da, eta ordainsaririk gabeko lanaren eta lan-mota horrek gizarte- eta ekonomia-egiturarekin duen harremanaren analisian espezializatua<\/p>\t\t\t\t\t\t\t\t<\/div>\n\t\t\t\t<\/div>\n\t\t\t\t\t<\/div>\n\t\t<\/div>\n\t\t\t\t<div class=\"elementor-column elementor-col-25 elementor-inner-column elementor-element elementor-element-4407a2b\" data-id=\"4407a2b\" data-element_type=\"column\" data-e-type=\"column\">\n\t\t\t<div class=\"elementor-widget-wrap elementor-element-populated\">\n\t\t\t\t\t\t<div class=\"elementor-element elementor-element-41acb4e elementor-widget__width-initial elementor-widget elementor-widget-image\" data-id=\"41acb4e\" data-element_type=\"widget\" data-e-type=\"widget\" data-widget_type=\"image.default\">\n\t\t\t\t<div class=\"elementor-widget-container\">\n\t\t\t\t\t\t\t\t\t\t\t\t\t\t\t\t<a href=\"#elementor-action%3Aaction%3Dpopup%3Aopen%26settings%3DeyJpZCI6IjcyMTUiLCJ0b2dnbGUiOnRydWV9\">\n\t\t\t\t\t\t\t<img loading=\"lazy\" decoding=\"async\" width=\"600\" height=\"600\" src=\"https:\/\/emakumeak.eus\/wp-content\/uploads\/2025\/01\/Lakshmi-Aguirre-congreso-emakumeak-kongresua-600x600-1.jpg\" class=\"attachment-large size-large wp-image-2382\" alt=\"\" srcset=\"https:\/\/emakumeak.eus\/wp-content\/uploads\/2025\/01\/Lakshmi-Aguirre-congreso-emakumeak-kongresua-600x600-1.jpg 600w, https:\/\/emakumeak.eus\/wp-content\/uploads\/2025\/01\/Lakshmi-Aguirre-congreso-emakumeak-kongresua-600x600-1-300x300.jpg 300w, https:\/\/emakumeak.eus\/wp-content\/uploads\/2025\/01\/Lakshmi-Aguirre-congreso-emakumeak-kongresua-600x600-1-150x150.jpg 150w, https:\/\/emakumeak.eus\/wp-content\/uploads\/2025\/01\/Lakshmi-Aguirre-congreso-emakumeak-kongresua-600x600-1-100x100.jpg 100w\" sizes=\"(max-width: 600px) 100vw, 600px\" \/>\t\t\t\t\t\t\t\t<\/a>\n\t\t\t\t\t\t\t\t\t\t\t\t\t\t\t<\/div>\n\t\t\t\t<\/div>\n\t\t\t\t<div class=\"elementor-element elementor-element-9041752 elementor-widget elementor-widget-spacer\" data-id=\"9041752\" data-element_type=\"widget\" data-e-type=\"widget\" data-widget_type=\"spacer.default\">\n\t\t\t\t<div class=\"elementor-widget-container\">\n\t\t\t\t\t\t\t<div class=\"elementor-spacer\">\n\t\t\t<div class=\"elementor-spacer-inner\"><\/div>\n\t\t<\/div>\n\t\t\t\t\t\t<\/div>\n\t\t\t\t<\/div>\n\t\t\t\t<div class=\"elementor-element elementor-element-814074a elementor-widget elementor-widget-heading\" data-id=\"814074a\" data-element_type=\"widget\" data-e-type=\"widget\" data-widget_type=\"heading.default\">\n\t\t\t\t<div class=\"elementor-widget-container\">\n\t\t\t\t\t<h2 class=\"elementor-heading-title elementor-size-default\"><a href=\"#elementor-action%3Aaction%3Dpopup%3Aopen%26settings%3DeyJpZCI6IjcyMTUiLCJ0b2dnbGUiOnRydWV9\">LAKSHMI AGUIRRE<\/a><\/h2>\t\t\t\t<\/div>\n\t\t\t\t<\/div>\n\t\t\t\t<div class=\"elementor-element elementor-element-80e8312 elementor-widget-divider--view-line elementor-widget elementor-widget-divider\" data-id=\"80e8312\" data-element_type=\"widget\" data-e-type=\"widget\" data-widget_type=\"divider.default\">\n\t\t\t\t<div class=\"elementor-widget-container\">\n\t\t\t\t\t\t\t<div class=\"elementor-divider\">\n\t\t\t<span class=\"elementor-divider-separator\">\n\t\t\t\t\t\t<\/span>\n\t\t<\/div>\n\t\t\t\t\t\t<\/div>\n\t\t\t\t<\/div>\n\t\t\t\t<div class=\"elementor-element elementor-element-a38e3b4 elementor-widget elementor-widget-text-editor\" data-id=\"a38e3b4\" data-element_type=\"widget\" data-e-type=\"widget\" data-widget_type=\"text-editor.default\">\n\t\t\t\t<div class=\"elementor-widget-container\">\n\t\t\t\t\t\t\t\t\t<p>Idazlea eta masterra Kazetaritza Gastronomikoan<\/p>\t\t\t\t\t\t\t\t<\/div>\n\t\t\t\t<\/div>\n\t\t\t\t\t<\/div>\n\t\t<\/div>\n\t\t\t\t<div class=\"elementor-column elementor-col-25 elementor-inner-column elementor-element elementor-element-faaf25b\" data-id=\"faaf25b\" data-element_type=\"column\" data-e-type=\"column\">\n\t\t\t<div class=\"elementor-widget-wrap elementor-element-populated\">\n\t\t\t\t\t\t<div class=\"elementor-element elementor-element-2dfd00e elementor-widget__width-initial elementor-widget elementor-widget-image\" data-id=\"2dfd00e\" data-element_type=\"widget\" data-e-type=\"widget\" data-widget_type=\"image.default\">\n\t\t\t\t<div class=\"elementor-widget-container\">\n\t\t\t\t\t\t\t\t\t\t\t\t\t\t\t\t<a href=\"#elementor-action%3Aaction%3Dpopup%3Aopen%26settings%3DeyJpZCI6IjcyMTYiLCJ0b2dnbGUiOnRydWV9\">\n\t\t\t\t\t\t\t<img loading=\"lazy\" decoding=\"async\" width=\"600\" height=\"600\" src=\"https:\/\/emakumeak.eus\/wp-content\/uploads\/2025\/01\/africa-baeta-congreso-emakumeak-kongresua-600x600-2.jpg\" class=\"attachment-large size-large wp-image-2383\" alt=\"\" srcset=\"https:\/\/emakumeak.eus\/wp-content\/uploads\/2025\/01\/africa-baeta-congreso-emakumeak-kongresua-600x600-2.jpg 600w, https:\/\/emakumeak.eus\/wp-content\/uploads\/2025\/01\/africa-baeta-congreso-emakumeak-kongresua-600x600-2-300x300.jpg 300w, https:\/\/emakumeak.eus\/wp-content\/uploads\/2025\/01\/africa-baeta-congreso-emakumeak-kongresua-600x600-2-150x150.jpg 150w, https:\/\/emakumeak.eus\/wp-content\/uploads\/2025\/01\/africa-baeta-congreso-emakumeak-kongresua-600x600-2-100x100.jpg 100w\" sizes=\"(max-width: 600px) 100vw, 600px\" \/>\t\t\t\t\t\t\t\t<\/a>\n\t\t\t\t\t\t\t\t\t\t\t\t\t\t\t<\/div>\n\t\t\t\t<\/div>\n\t\t\t\t<div class=\"elementor-element elementor-element-d46f1c0 elementor-widget elementor-widget-spacer\" data-id=\"d46f1c0\" data-element_type=\"widget\" data-e-type=\"widget\" data-widget_type=\"spacer.default\">\n\t\t\t\t<div class=\"elementor-widget-container\">\n\t\t\t\t\t\t\t<div class=\"elementor-spacer\">\n\t\t\t<div class=\"elementor-spacer-inner\"><\/div>\n\t\t<\/div>\n\t\t\t\t\t\t<\/div>\n\t\t\t\t<\/div>\n\t\t\t\t<div class=\"elementor-element elementor-element-6a0ee72 elementor-widget elementor-widget-heading\" data-id=\"6a0ee72\" data-element_type=\"widget\" data-e-type=\"widget\" data-widget_type=\"heading.default\">\n\t\t\t\t<div class=\"elementor-widget-container\">\n\t\t\t\t\t<h2 class=\"elementor-heading-title elementor-size-default\"><a href=\"#elementor-action%3Aaction%3Dpopup%3Aopen%26settings%3DeyJpZCI6IjcyMTYiLCJ0b2dnbGUiOnRydWV9\">\u00c1FRICA BAETA<\/a><\/h2>\t\t\t\t<\/div>\n\t\t\t\t<\/div>\n\t\t\t\t<div class=\"elementor-element elementor-element-4eb5afe elementor-widget-divider--view-line elementor-widget elementor-widget-divider\" data-id=\"4eb5afe\" data-element_type=\"widget\" data-e-type=\"widget\" data-widget_type=\"divider.default\">\n\t\t\t\t<div class=\"elementor-widget-container\">\n\t\t\t\t\t\t\t<div class=\"elementor-divider\">\n\t\t\t<span class=\"elementor-divider-separator\">\n\t\t\t\t\t\t<\/span>\n\t\t<\/div>\n\t\t\t\t\t\t<\/div>\n\t\t\t\t<\/div>\n\t\t\t\t<div class=\"elementor-element elementor-element-e3fa818 elementor-widget elementor-widget-text-editor\" data-id=\"e3fa818\" data-element_type=\"widget\" data-e-type=\"widget\" data-widget_type=\"text-editor.default\">\n\t\t\t\t<div class=\"elementor-widget-container\">\n\t\t\t\t\t\t\t\t\t<p>Kazetaria<\/p>\t\t\t\t\t\t\t\t<\/div>\n\t\t\t\t<\/div>\n\t\t\t\t\t<\/div>\n\t\t<\/div>\n\t\t\t\t\t<\/div>\n\t\t<\/section>\n\t\t\t\t<section class=\"elementor-section elementor-inner-section elementor-element elementor-element-08b8489 elementor-section-boxed elementor-section-height-default elementor-section-height-default\" data-id=\"08b8489\" data-element_type=\"section\" data-e-type=\"section\">\n\t\t\t\t\t\t<div class=\"elementor-container elementor-column-gap-default\">\n\t\t\t\t\t<div class=\"elementor-column elementor-col-25 elementor-inner-column elementor-element elementor-element-aed0534\" data-id=\"aed0534\" data-element_type=\"column\" data-e-type=\"column\">\n\t\t\t<div class=\"elementor-widget-wrap elementor-element-populated\">\n\t\t\t\t\t\t<div class=\"elementor-element elementor-element-f671eea elementor-widget__width-initial elementor-widget elementor-widget-image\" data-id=\"f671eea\" data-element_type=\"widget\" data-e-type=\"widget\" data-widget_type=\"image.default\">\n\t\t\t\t<div class=\"elementor-widget-container\">\n\t\t\t\t\t\t\t\t\t\t\t\t\t\t\t\t<a href=\"#elementor-action%3Aaction%3Dpopup%3Aopen%26settings%3DeyJpZCI6IjcyMTciLCJ0b2dnbGUiOnRydWV9\">\n\t\t\t\t\t\t\t<img loading=\"lazy\" decoding=\"async\" width=\"600\" height=\"600\" src=\"https:\/\/emakumeak.eus\/wp-content\/uploads\/2025\/01\/ane-legarreta-mendez-1.jpg\" class=\"attachment-large size-large wp-image-2391\" alt=\"\" srcset=\"https:\/\/emakumeak.eus\/wp-content\/uploads\/2025\/01\/ane-legarreta-mendez-1.jpg 600w, https:\/\/emakumeak.eus\/wp-content\/uploads\/2025\/01\/ane-legarreta-mendez-1-300x300.jpg 300w, https:\/\/emakumeak.eus\/wp-content\/uploads\/2025\/01\/ane-legarreta-mendez-1-150x150.jpg 150w, https:\/\/emakumeak.eus\/wp-content\/uploads\/2025\/01\/ane-legarreta-mendez-1-100x100.jpg 100w\" sizes=\"(max-width: 600px) 100vw, 600px\" \/>\t\t\t\t\t\t\t\t<\/a>\n\t\t\t\t\t\t\t\t\t\t\t\t\t\t\t<\/div>\n\t\t\t\t<\/div>\n\t\t\t\t<div class=\"elementor-element elementor-element-52395a1 elementor-widget elementor-widget-spacer\" data-id=\"52395a1\" data-element_type=\"widget\" data-e-type=\"widget\" data-widget_type=\"spacer.default\">\n\t\t\t\t<div class=\"elementor-widget-container\">\n\t\t\t\t\t\t\t<div class=\"elementor-spacer\">\n\t\t\t<div class=\"elementor-spacer-inner\"><\/div>\n\t\t<\/div>\n\t\t\t\t\t\t<\/div>\n\t\t\t\t<\/div>\n\t\t\t\t<div class=\"elementor-element elementor-element-0179414 elementor-widget elementor-widget-heading\" data-id=\"0179414\" data-element_type=\"widget\" data-e-type=\"widget\" data-widget_type=\"heading.default\">\n\t\t\t\t<div class=\"elementor-widget-container\">\n\t\t\t\t\t<h2 class=\"elementor-heading-title elementor-size-default\"><a href=\"#elementor-action%3Aaction%3Dpopup%3Aopen%26settings%3DeyJpZCI6IjcyMTciLCJ0b2dnbGUiOnRydWV9\">ANE LEGARRETA MENDEZ<\/a><\/h2>\t\t\t\t<\/div>\n\t\t\t\t<\/div>\n\t\t\t\t<div class=\"elementor-element elementor-element-f068494 elementor-widget-divider--view-line elementor-widget elementor-widget-divider\" data-id=\"f068494\" data-element_type=\"widget\" data-e-type=\"widget\" data-widget_type=\"divider.default\">\n\t\t\t\t<div class=\"elementor-widget-container\">\n\t\t\t\t\t\t\t<div class=\"elementor-divider\">\n\t\t\t<span class=\"elementor-divider-separator\">\n\t\t\t\t\t\t<\/span>\n\t\t<\/div>\n\t\t\t\t\t\t<\/div>\n\t\t\t\t<\/div>\n\t\t\t\t<div class=\"elementor-element elementor-element-106e8bc elementor-widget elementor-widget-text-editor\" data-id=\"106e8bc\" data-element_type=\"widget\" data-e-type=\"widget\" data-widget_type=\"text-editor.default\">\n\t\t\t\t<div class=\"elementor-widget-container\">\n\t\t\t\t\t\t\t\t\t<p>Orkestra Zuzendaria<\/p>\t\t\t\t\t\t\t\t<\/div>\n\t\t\t\t<\/div>\n\t\t\t\t\t<\/div>\n\t\t<\/div>\n\t\t\t\t<div class=\"elementor-column elementor-col-25 elementor-inner-column elementor-element elementor-element-01f643c\" data-id=\"01f643c\" data-element_type=\"column\" data-e-type=\"column\">\n\t\t\t<div class=\"elementor-widget-wrap elementor-element-populated\">\n\t\t\t\t\t\t<div class=\"elementor-element elementor-element-f66a71c elementor-widget__width-initial elementor-widget elementor-widget-image\" data-id=\"f66a71c\" data-element_type=\"widget\" data-e-type=\"widget\" data-widget_type=\"image.default\">\n\t\t\t\t<div class=\"elementor-widget-container\">\n\t\t\t\t\t\t\t\t\t\t\t\t\t\t\t\t<a href=\"#elementor-action%3Aaction%3Dpopup%3Aopen%26settings%3DeyJpZCI6IjcyMTgiLCJ0b2dnbGUiOnRydWV9\">\n\t\t\t\t\t\t\t<img loading=\"lazy\" decoding=\"async\" width=\"600\" height=\"600\" src=\"https:\/\/emakumeak.eus\/wp-content\/uploads\/2025\/01\/junkal-guerrero-langara-1.jpg\" class=\"attachment-large size-large wp-image-2392\" alt=\"\" srcset=\"https:\/\/emakumeak.eus\/wp-content\/uploads\/2025\/01\/junkal-guerrero-langara-1.jpg 600w, https:\/\/emakumeak.eus\/wp-content\/uploads\/2025\/01\/junkal-guerrero-langara-1-300x300.jpg 300w, https:\/\/emakumeak.eus\/wp-content\/uploads\/2025\/01\/junkal-guerrero-langara-1-150x150.jpg 150w, https:\/\/emakumeak.eus\/wp-content\/uploads\/2025\/01\/junkal-guerrero-langara-1-100x100.jpg 100w\" sizes=\"(max-width: 600px) 100vw, 600px\" \/>\t\t\t\t\t\t\t\t<\/a>\n\t\t\t\t\t\t\t\t\t\t\t\t\t\t\t<\/div>\n\t\t\t\t<\/div>\n\t\t\t\t<div class=\"elementor-element elementor-element-c296786 elementor-widget elementor-widget-spacer\" data-id=\"c296786\" data-element_type=\"widget\" data-e-type=\"widget\" data-widget_type=\"spacer.default\">\n\t\t\t\t<div class=\"elementor-widget-container\">\n\t\t\t\t\t\t\t<div class=\"elementor-spacer\">\n\t\t\t<div class=\"elementor-spacer-inner\"><\/div>\n\t\t<\/div>\n\t\t\t\t\t\t<\/div>\n\t\t\t\t<\/div>\n\t\t\t\t<div class=\"elementor-element elementor-element-67faa6a elementor-widget elementor-widget-heading\" data-id=\"67faa6a\" data-element_type=\"widget\" data-e-type=\"widget\" data-widget_type=\"heading.default\">\n\t\t\t\t<div class=\"elementor-widget-container\">\n\t\t\t\t\t<h2 class=\"elementor-heading-title elementor-size-default\"><a href=\"#elementor-action%3Aaction%3Dpopup%3Aopen%26settings%3DeyJpZCI6IjcyMTgiLCJ0b2dnbGUiOnRydWV9\">JUNKAL GUERRERO LANGARA<\/a><\/h2>\t\t\t\t<\/div>\n\t\t\t\t<\/div>\n\t\t\t\t<div class=\"elementor-element elementor-element-e691c48 elementor-widget-divider--view-line elementor-widget elementor-widget-divider\" data-id=\"e691c48\" data-element_type=\"widget\" data-e-type=\"widget\" data-widget_type=\"divider.default\">\n\t\t\t\t<div class=\"elementor-widget-container\">\n\t\t\t\t\t\t\t<div class=\"elementor-divider\">\n\t\t\t<span class=\"elementor-divider-separator\">\n\t\t\t\t\t\t<\/span>\n\t\t<\/div>\n\t\t\t\t\t\t<\/div>\n\t\t\t\t<\/div>\n\t\t\t\t<div class=\"elementor-element elementor-element-f32bcce elementor-widget elementor-widget-text-editor\" data-id=\"f32bcce\" data-element_type=\"widget\" data-e-type=\"widget\" data-widget_type=\"text-editor.default\">\n\t\t\t\t<div class=\"elementor-widget-container\">\n\t\t\t\t\t\t\t\t\t<p>Orkestra eta Luberri Abesbatza abesbatza mistoaren zuzendaria<\/p>\t\t\t\t\t\t\t\t<\/div>\n\t\t\t\t<\/div>\n\t\t\t\t\t<\/div>\n\t\t<\/div>\n\t\t\t\t<div class=\"elementor-column elementor-col-25 elementor-inner-column elementor-element elementor-element-9a39bd1\" data-id=\"9a39bd1\" data-element_type=\"column\" data-e-type=\"column\">\n\t\t\t<div class=\"elementor-widget-wrap elementor-element-populated\">\n\t\t\t\t\t\t<div class=\"elementor-element elementor-element-7dc1b62 elementor-widget__width-initial elementor-widget elementor-widget-image\" data-id=\"7dc1b62\" data-element_type=\"widget\" data-e-type=\"widget\" data-widget_type=\"image.default\">\n\t\t\t\t<div class=\"elementor-widget-container\">\n\t\t\t\t\t\t\t\t\t\t\t\t\t\t\t\t<a href=\"#elementor-action%3Aaction%3Dpopup%3Aopen%26settings%3DeyJpZCI6IjcyMTkiLCJ0b2dnbGUiOnRydWV9\">\n\t\t\t\t\t\t\t<img loading=\"lazy\" decoding=\"async\" width=\"600\" height=\"600\" src=\"https:\/\/emakumeak.eus\/wp-content\/uploads\/2025\/01\/maria-silvestre-congreso-emakumeak-kongresua-600x600-2.jpg\" class=\"attachment-large size-large wp-image-2393\" alt=\"\" srcset=\"https:\/\/emakumeak.eus\/wp-content\/uploads\/2025\/01\/maria-silvestre-congreso-emakumeak-kongresua-600x600-2.jpg 600w, https:\/\/emakumeak.eus\/wp-content\/uploads\/2025\/01\/maria-silvestre-congreso-emakumeak-kongresua-600x600-2-300x300.jpg 300w, https:\/\/emakumeak.eus\/wp-content\/uploads\/2025\/01\/maria-silvestre-congreso-emakumeak-kongresua-600x600-2-150x150.jpg 150w, https:\/\/emakumeak.eus\/wp-content\/uploads\/2025\/01\/maria-silvestre-congreso-emakumeak-kongresua-600x600-2-100x100.jpg 100w\" sizes=\"(max-width: 600px) 100vw, 600px\" \/>\t\t\t\t\t\t\t\t<\/a>\n\t\t\t\t\t\t\t\t\t\t\t\t\t\t\t<\/div>\n\t\t\t\t<\/div>\n\t\t\t\t<div class=\"elementor-element elementor-element-221ab78 elementor-widget elementor-widget-spacer\" data-id=\"221ab78\" data-element_type=\"widget\" data-e-type=\"widget\" data-widget_type=\"spacer.default\">\n\t\t\t\t<div class=\"elementor-widget-container\">\n\t\t\t\t\t\t\t<div class=\"elementor-spacer\">\n\t\t\t<div class=\"elementor-spacer-inner\"><\/div>\n\t\t<\/div>\n\t\t\t\t\t\t<\/div>\n\t\t\t\t<\/div>\n\t\t\t\t<div class=\"elementor-element elementor-element-fb72154 elementor-widget elementor-widget-heading\" data-id=\"fb72154\" data-element_type=\"widget\" data-e-type=\"widget\" data-widget_type=\"heading.default\">\n\t\t\t\t<div class=\"elementor-widget-container\">\n\t\t\t\t\t<h2 class=\"elementor-heading-title elementor-size-default\"><a href=\"#elementor-action%3Aaction%3Dpopup%3Aopen%26settings%3DeyJpZCI6IjcyMTkiLCJ0b2dnbGUiOnRydWV9\">MAR\u00cdA SILVESTRE<\/a><\/h2>\t\t\t\t<\/div>\n\t\t\t\t<\/div>\n\t\t\t\t<div class=\"elementor-element elementor-element-8466aab elementor-widget-divider--view-line elementor-widget elementor-widget-divider\" data-id=\"8466aab\" data-element_type=\"widget\" data-e-type=\"widget\" data-widget_type=\"divider.default\">\n\t\t\t\t<div class=\"elementor-widget-container\">\n\t\t\t\t\t\t\t<div class=\"elementor-divider\">\n\t\t\t<span class=\"elementor-divider-separator\">\n\t\t\t\t\t\t<\/span>\n\t\t<\/div>\n\t\t\t\t\t\t<\/div>\n\t\t\t\t<\/div>\n\t\t\t\t<div class=\"elementor-element elementor-element-04515cf elementor-widget elementor-widget-text-editor\" data-id=\"04515cf\" data-element_type=\"widget\" data-e-type=\"widget\" data-widget_type=\"text-editor.default\">\n\t\t\t\t<div class=\"elementor-widget-container\">\n\t\t\t\t\t\t\t\t\t<p>Zientzia Politikoetan eta Soziologian doktorea<\/p>\t\t\t\t\t\t\t\t<\/div>\n\t\t\t\t<\/div>\n\t\t\t\t\t<\/div>\n\t\t<\/div>\n\t\t\t\t<div class=\"elementor-column elementor-col-25 elementor-inner-column elementor-element elementor-element-8124b00\" data-id=\"8124b00\" data-element_type=\"column\" data-e-type=\"column\">\n\t\t\t<div class=\"elementor-widget-wrap elementor-element-populated\">\n\t\t\t\t\t\t<div class=\"elementor-element elementor-element-094ab91 elementor-widget__width-initial elementor-widget elementor-widget-image\" data-id=\"094ab91\" data-element_type=\"widget\" data-e-type=\"widget\" data-widget_type=\"image.default\">\n\t\t\t\t<div class=\"elementor-widget-container\">\n\t\t\t\t\t\t\t\t\t\t\t\t\t\t\t\t<a href=\"#elementor-action%3Aaction%3Dpopup%3Aopen%26settings%3DeyJpZCI6IjcyMjAiLCJ0b2dnbGUiOnRydWV9\">\n\t\t\t\t\t\t\t<img loading=\"lazy\" decoding=\"async\" width=\"600\" height=\"600\" src=\"https:\/\/emakumeak.eus\/wp-content\/uploads\/2025\/01\/paka-diaz-congreso-emakumeak-kongresua-600x600-2.jpg\" class=\"attachment-large size-large wp-image-2394\" alt=\"\" srcset=\"https:\/\/emakumeak.eus\/wp-content\/uploads\/2025\/01\/paka-diaz-congreso-emakumeak-kongresua-600x600-2.jpg 600w, https:\/\/emakumeak.eus\/wp-content\/uploads\/2025\/01\/paka-diaz-congreso-emakumeak-kongresua-600x600-2-300x300.jpg 300w, https:\/\/emakumeak.eus\/wp-content\/uploads\/2025\/01\/paka-diaz-congreso-emakumeak-kongresua-600x600-2-150x150.jpg 150w, https:\/\/emakumeak.eus\/wp-content\/uploads\/2025\/01\/paka-diaz-congreso-emakumeak-kongresua-600x600-2-100x100.jpg 100w\" sizes=\"(max-width: 600px) 100vw, 600px\" \/>\t\t\t\t\t\t\t\t<\/a>\n\t\t\t\t\t\t\t\t\t\t\t\t\t\t\t<\/div>\n\t\t\t\t<\/div>\n\t\t\t\t<div class=\"elementor-element elementor-element-fae500e elementor-widget elementor-widget-spacer\" data-id=\"fae500e\" data-element_type=\"widget\" data-e-type=\"widget\" data-widget_type=\"spacer.default\">\n\t\t\t\t<div class=\"elementor-widget-container\">\n\t\t\t\t\t\t\t<div class=\"elementor-spacer\">\n\t\t\t<div class=\"elementor-spacer-inner\"><\/div>\n\t\t<\/div>\n\t\t\t\t\t\t<\/div>\n\t\t\t\t<\/div>\n\t\t\t\t<div class=\"elementor-element elementor-element-2fe23fb elementor-widget elementor-widget-heading\" data-id=\"2fe23fb\" data-element_type=\"widget\" data-e-type=\"widget\" data-widget_type=\"heading.default\">\n\t\t\t\t<div class=\"elementor-widget-container\">\n\t\t\t\t\t<h2 class=\"elementor-heading-title elementor-size-default\"><a href=\"#elementor-action%3Aaction%3Dpopup%3Aopen%26settings%3DeyJpZCI6IjcyMjAiLCJ0b2dnbGUiOnRydWV9\">PAKA D\u00cdAZ<\/a><\/h2>\t\t\t\t<\/div>\n\t\t\t\t<\/div>\n\t\t\t\t<div class=\"elementor-element elementor-element-4cc9153 elementor-widget-divider--view-line elementor-widget elementor-widget-divider\" data-id=\"4cc9153\" data-element_type=\"widget\" data-e-type=\"widget\" data-widget_type=\"divider.default\">\n\t\t\t\t<div class=\"elementor-widget-container\">\n\t\t\t\t\t\t\t<div class=\"elementor-divider\">\n\t\t\t<span class=\"elementor-divider-separator\">\n\t\t\t\t\t\t<\/span>\n\t\t<\/div>\n\t\t\t\t\t\t<\/div>\n\t\t\t\t<\/div>\n\t\t\t\t<div class=\"elementor-element elementor-element-a4adc58 elementor-widget elementor-widget-text-editor\" data-id=\"a4adc58\" data-element_type=\"widget\" data-e-type=\"widget\" data-widget_type=\"text-editor.default\">\n\t\t\t\t<div class=\"elementor-widget-container\">\n\t\t\t\t\t\t\t\t\t<p>Kazetaria, gidoilaria eta idazlea<\/p>\t\t\t\t\t\t\t\t<\/div>\n\t\t\t\t<\/div>\n\t\t\t\t\t<\/div>\n\t\t<\/div>\n\t\t\t\t\t<\/div>\n\t\t<\/section>\n\t\t\t\t<section class=\"elementor-section elementor-inner-section elementor-element elementor-element-050d731 elementor-section-boxed elementor-section-height-default elementor-section-height-default\" data-id=\"050d731\" data-element_type=\"section\" data-e-type=\"section\">\n\t\t\t\t\t\t<div class=\"elementor-container elementor-column-gap-default\">\n\t\t\t\t\t<div class=\"elementor-column elementor-col-25 elementor-inner-column elementor-element elementor-element-2408b21\" data-id=\"2408b21\" data-element_type=\"column\" data-e-type=\"column\">\n\t\t\t<div class=\"elementor-widget-wrap elementor-element-populated\">\n\t\t\t\t\t\t<div class=\"elementor-element elementor-element-3662022 elementor-widget__width-initial elementor-widget elementor-widget-image\" data-id=\"3662022\" data-element_type=\"widget\" data-e-type=\"widget\" data-widget_type=\"image.default\">\n\t\t\t\t<div class=\"elementor-widget-container\">\n\t\t\t\t\t\t\t\t\t\t\t\t\t\t\t\t<a href=\"#elementor-action%3Aaction%3Dpopup%3Aopen%26settings%3DeyJpZCI6IjcyMjEiLCJ0b2dnbGUiOnRydWV9\">\n\t\t\t\t\t\t\t<img loading=\"lazy\" decoding=\"async\" width=\"600\" height=\"600\" src=\"https:\/\/emakumeak.eus\/wp-content\/uploads\/2025\/01\/maria-begona-maranon-congreso-emakumeak-kongresua-600x600-2.jpg\" class=\"attachment-large size-large wp-image-2395\" alt=\"\" srcset=\"https:\/\/emakumeak.eus\/wp-content\/uploads\/2025\/01\/maria-begona-maranon-congreso-emakumeak-kongresua-600x600-2.jpg 600w, https:\/\/emakumeak.eus\/wp-content\/uploads\/2025\/01\/maria-begona-maranon-congreso-emakumeak-kongresua-600x600-2-300x300.jpg 300w, https:\/\/emakumeak.eus\/wp-content\/uploads\/2025\/01\/maria-begona-maranon-congreso-emakumeak-kongresua-600x600-2-150x150.jpg 150w, https:\/\/emakumeak.eus\/wp-content\/uploads\/2025\/01\/maria-begona-maranon-congreso-emakumeak-kongresua-600x600-2-100x100.jpg 100w\" sizes=\"(max-width: 600px) 100vw, 600px\" \/>\t\t\t\t\t\t\t\t<\/a>\n\t\t\t\t\t\t\t\t\t\t\t\t\t\t\t<\/div>\n\t\t\t\t<\/div>\n\t\t\t\t<div class=\"elementor-element elementor-element-e38957e elementor-widget elementor-widget-spacer\" data-id=\"e38957e\" data-element_type=\"widget\" data-e-type=\"widget\" data-widget_type=\"spacer.default\">\n\t\t\t\t<div class=\"elementor-widget-container\">\n\t\t\t\t\t\t\t<div class=\"elementor-spacer\">\n\t\t\t<div class=\"elementor-spacer-inner\"><\/div>\n\t\t<\/div>\n\t\t\t\t\t\t<\/div>\n\t\t\t\t<\/div>\n\t\t\t\t<div class=\"elementor-element elementor-element-8094e8a elementor-widget elementor-widget-heading\" data-id=\"8094e8a\" data-element_type=\"widget\" data-e-type=\"widget\" data-widget_type=\"heading.default\">\n\t\t\t\t<div class=\"elementor-widget-container\">\n\t\t\t\t\t<h2 class=\"elementor-heading-title elementor-size-default\"><a href=\"#elementor-action%3Aaction%3Dpopup%3Aopen%26settings%3DeyJpZCI6IjcyMjEiLCJ0b2dnbGUiOnRydWV9\">M\u00aa BEGO\u00d1A MARA\u00d1ON UNANUE<\/a><\/h2>\t\t\t\t<\/div>\n\t\t\t\t<\/div>\n\t\t\t\t<div class=\"elementor-element elementor-element-c3a6134 elementor-widget-divider--view-line elementor-widget elementor-widget-divider\" data-id=\"c3a6134\" data-element_type=\"widget\" data-e-type=\"widget\" data-widget_type=\"divider.default\">\n\t\t\t\t<div class=\"elementor-widget-container\">\n\t\t\t\t\t\t\t<div class=\"elementor-divider\">\n\t\t\t<span class=\"elementor-divider-separator\">\n\t\t\t\t\t\t<\/span>\n\t\t<\/div>\n\t\t\t\t\t\t<\/div>\n\t\t\t\t<\/div>\n\t\t\t\t<div class=\"elementor-element elementor-element-11b602a elementor-widget elementor-widget-text-editor\" data-id=\"11b602a\" data-element_type=\"widget\" data-e-type=\"widget\" data-widget_type=\"text-editor.default\">\n\t\t\t\t<div class=\"elementor-widget-container\">\n\t\t\t\t\t\t\t\t\t<p>Cadena SEReko eskualdeko zuzendaria Euskadin eta Radio Bilbaoko zuzendaria.<\/p>\t\t\t\t\t\t\t\t<\/div>\n\t\t\t\t<\/div>\n\t\t\t\t\t<\/div>\n\t\t<\/div>\n\t\t\t\t<div class=\"elementor-column elementor-col-25 elementor-inner-column elementor-element elementor-element-296cc7f\" data-id=\"296cc7f\" data-element_type=\"column\" data-e-type=\"column\">\n\t\t\t<div class=\"elementor-widget-wrap elementor-element-populated\">\n\t\t\t\t\t\t<div class=\"elementor-element elementor-element-b9d3ab0 elementor-widget__width-initial elementor-widget elementor-widget-image\" data-id=\"b9d3ab0\" data-element_type=\"widget\" data-e-type=\"widget\" data-widget_type=\"image.default\">\n\t\t\t\t<div class=\"elementor-widget-container\">\n\t\t\t\t\t\t\t\t\t\t\t\t\t\t\t\t<a href=\"#elementor-action%3Aaction%3Dpopup%3Aopen%26settings%3DeyJpZCI6IjcyMjIiLCJ0b2dnbGUiOnRydWV9\">\n\t\t\t\t\t\t\t<img loading=\"lazy\" decoding=\"async\" width=\"600\" height=\"600\" src=\"https:\/\/emakumeak.eus\/wp-content\/uploads\/2025\/01\/trinidad-vicente-congreso-emakumeak-kongresua-600x600-1.jpg\" class=\"attachment-large size-large wp-image-2396\" alt=\"\" srcset=\"https:\/\/emakumeak.eus\/wp-content\/uploads\/2025\/01\/trinidad-vicente-congreso-emakumeak-kongresua-600x600-1.jpg 600w, https:\/\/emakumeak.eus\/wp-content\/uploads\/2025\/01\/trinidad-vicente-congreso-emakumeak-kongresua-600x600-1-300x300.jpg 300w, https:\/\/emakumeak.eus\/wp-content\/uploads\/2025\/01\/trinidad-vicente-congreso-emakumeak-kongresua-600x600-1-150x150.jpg 150w, https:\/\/emakumeak.eus\/wp-content\/uploads\/2025\/01\/trinidad-vicente-congreso-emakumeak-kongresua-600x600-1-100x100.jpg 100w\" sizes=\"(max-width: 600px) 100vw, 600px\" \/>\t\t\t\t\t\t\t\t<\/a>\n\t\t\t\t\t\t\t\t\t\t\t\t\t\t\t<\/div>\n\t\t\t\t<\/div>\n\t\t\t\t<div class=\"elementor-element elementor-element-57bf3d8 elementor-widget elementor-widget-spacer\" data-id=\"57bf3d8\" data-element_type=\"widget\" data-e-type=\"widget\" data-widget_type=\"spacer.default\">\n\t\t\t\t<div class=\"elementor-widget-container\">\n\t\t\t\t\t\t\t<div class=\"elementor-spacer\">\n\t\t\t<div class=\"elementor-spacer-inner\"><\/div>\n\t\t<\/div>\n\t\t\t\t\t\t<\/div>\n\t\t\t\t<\/div>\n\t\t\t\t<div class=\"elementor-element elementor-element-8e1f86c elementor-widget elementor-widget-heading\" data-id=\"8e1f86c\" data-element_type=\"widget\" data-e-type=\"widget\" data-widget_type=\"heading.default\">\n\t\t\t\t<div class=\"elementor-widget-container\">\n\t\t\t\t\t<h2 class=\"elementor-heading-title elementor-size-default\"><a href=\"#elementor-action%3Aaction%3Dpopup%3Aopen%26settings%3DeyJpZCI6IjcyMjIiLCJ0b2dnbGUiOnRydWV9\">TRINIDAD VICENTE<\/a><\/h2>\t\t\t\t<\/div>\n\t\t\t\t<\/div>\n\t\t\t\t<div class=\"elementor-element elementor-element-f840b64 elementor-widget-divider--view-line elementor-widget elementor-widget-divider\" data-id=\"f840b64\" data-element_type=\"widget\" data-e-type=\"widget\" data-widget_type=\"divider.default\">\n\t\t\t\t<div class=\"elementor-widget-container\">\n\t\t\t\t\t\t\t<div class=\"elementor-divider\">\n\t\t\t<span class=\"elementor-divider-separator\">\n\t\t\t\t\t\t<\/span>\n\t\t<\/div>\n\t\t\t\t\t\t<\/div>\n\t\t\t\t<\/div>\n\t\t\t\t<div class=\"elementor-element elementor-element-c5977f6 elementor-widget elementor-widget-text-editor\" data-id=\"c5977f6\" data-element_type=\"widget\" data-e-type=\"widget\" data-widget_type=\"text-editor.default\">\n\t\t\t\t<div class=\"elementor-widget-container\">\n\t\t\t\t\t\t\t\t\t<p>Soziologian doktorea<\/p>\t\t\t\t\t\t\t\t<\/div>\n\t\t\t\t<\/div>\n\t\t\t\t\t<\/div>\n\t\t<\/div>\n\t\t\t\t<div class=\"elementor-column elementor-col-25 elementor-inner-column elementor-element elementor-element-6af412a\" data-id=\"6af412a\" data-element_type=\"column\" data-e-type=\"column\">\n\t\t\t<div class=\"elementor-widget-wrap elementor-element-populated\">\n\t\t\t\t\t\t<div class=\"elementor-element elementor-element-38cb512 elementor-widget__width-initial elementor-widget elementor-widget-image\" data-id=\"38cb512\" data-element_type=\"widget\" data-e-type=\"widget\" data-widget_type=\"image.default\">\n\t\t\t\t<div class=\"elementor-widget-container\">\n\t\t\t\t\t\t\t\t\t\t\t\t\t\t\t\t<a href=\"#elementor-action%3Aaction%3Dpopup%3Aopen%26settings%3DeyJpZCI6IjcyMjMiLCJ0b2dnbGUiOnRydWV9\">\n\t\t\t\t\t\t\t<img loading=\"lazy\" decoding=\"async\" width=\"600\" height=\"600\" src=\"https:\/\/emakumeak.eus\/wp-content\/uploads\/2025\/01\/almudena-cacho-congreso-emakumeak-kongresua-600x600-1.jpg\" class=\"attachment-large size-large wp-image-2397\" alt=\"\" srcset=\"https:\/\/emakumeak.eus\/wp-content\/uploads\/2025\/01\/almudena-cacho-congreso-emakumeak-kongresua-600x600-1.jpg 600w, https:\/\/emakumeak.eus\/wp-content\/uploads\/2025\/01\/almudena-cacho-congreso-emakumeak-kongresua-600x600-1-300x300.jpg 300w, https:\/\/emakumeak.eus\/wp-content\/uploads\/2025\/01\/almudena-cacho-congreso-emakumeak-kongresua-600x600-1-150x150.jpg 150w, https:\/\/emakumeak.eus\/wp-content\/uploads\/2025\/01\/almudena-cacho-congreso-emakumeak-kongresua-600x600-1-100x100.jpg 100w\" sizes=\"(max-width: 600px) 100vw, 600px\" \/>\t\t\t\t\t\t\t\t<\/a>\n\t\t\t\t\t\t\t\t\t\t\t\t\t\t\t<\/div>\n\t\t\t\t<\/div>\n\t\t\t\t<div class=\"elementor-element elementor-element-14050a8 elementor-widget elementor-widget-spacer\" data-id=\"14050a8\" data-element_type=\"widget\" data-e-type=\"widget\" data-widget_type=\"spacer.default\">\n\t\t\t\t<div class=\"elementor-widget-container\">\n\t\t\t\t\t\t\t<div class=\"elementor-spacer\">\n\t\t\t<div class=\"elementor-spacer-inner\"><\/div>\n\t\t<\/div>\n\t\t\t\t\t\t<\/div>\n\t\t\t\t<\/div>\n\t\t\t\t<div class=\"elementor-element elementor-element-ec5f978 elementor-widget elementor-widget-heading\" data-id=\"ec5f978\" data-element_type=\"widget\" data-e-type=\"widget\" data-widget_type=\"heading.default\">\n\t\t\t\t<div class=\"elementor-widget-container\">\n\t\t\t\t\t<h2 class=\"elementor-heading-title elementor-size-default\"><a href=\"#elementor-action%3Aaction%3Dpopup%3Aopen%26settings%3DeyJpZCI6IjcyMjMiLCJ0b2dnbGUiOnRydWV9\">ALMUDENA CACHO<\/a><\/h2>\t\t\t\t<\/div>\n\t\t\t\t<\/div>\n\t\t\t\t<div class=\"elementor-element elementor-element-45b16f7 elementor-widget-divider--view-line elementor-widget elementor-widget-divider\" data-id=\"45b16f7\" data-element_type=\"widget\" data-e-type=\"widget\" data-widget_type=\"divider.default\">\n\t\t\t\t<div class=\"elementor-widget-container\">\n\t\t\t\t\t\t\t<div class=\"elementor-divider\">\n\t\t\t<span class=\"elementor-divider-separator\">\n\t\t\t\t\t\t<\/span>\n\t\t<\/div>\n\t\t\t\t\t\t<\/div>\n\t\t\t\t<\/div>\n\t\t\t\t<div class=\"elementor-element elementor-element-d98892e elementor-widget elementor-widget-text-editor\" data-id=\"d98892e\" data-element_type=\"widget\" data-e-type=\"widget\" data-widget_type=\"text-editor.default\">\n\t\t\t\t<div class=\"elementor-widget-container\">\n\t\t\t\t\t\t\t\t\t<p>Kazetaria eta M\u00e1s Qu\u00e9 Palabras (Radio Euskadi) irrati saioaren zuzendaria<\/p>\t\t\t\t\t\t\t\t<\/div>\n\t\t\t\t<\/div>\n\t\t\t\t\t<\/div>\n\t\t<\/div>\n\t\t\t\t<div class=\"elementor-column elementor-col-25 elementor-inner-column elementor-element elementor-element-10847d1\" data-id=\"10847d1\" data-element_type=\"column\" data-e-type=\"column\">\n\t\t\t<div class=\"elementor-widget-wrap elementor-element-populated\">\n\t\t\t\t\t\t<div class=\"elementor-element elementor-element-f5762a7 elementor-widget__width-initial elementor-widget elementor-widget-image\" data-id=\"f5762a7\" data-element_type=\"widget\" data-e-type=\"widget\" data-widget_type=\"image.default\">\n\t\t\t\t<div class=\"elementor-widget-container\">\n\t\t\t\t\t\t\t\t\t\t\t\t\t\t\t\t<a href=\"#elementor-action%3Aaction%3Dpopup%3Aopen%26settings%3DeyJpZCI6IjcyMjQiLCJ0b2dnbGUiOnRydWV9\">\n\t\t\t\t\t\t\t<img loading=\"lazy\" decoding=\"async\" width=\"600\" height=\"600\" src=\"https:\/\/emakumeak.eus\/wp-content\/uploads\/2025\/01\/isabel-leon-congreso-emakumeak-kongresua-600x600-2.jpg\" class=\"attachment-large size-large wp-image-2398\" alt=\"\" srcset=\"https:\/\/emakumeak.eus\/wp-content\/uploads\/2025\/01\/isabel-leon-congreso-emakumeak-kongresua-600x600-2.jpg 600w, https:\/\/emakumeak.eus\/wp-content\/uploads\/2025\/01\/isabel-leon-congreso-emakumeak-kongresua-600x600-2-300x300.jpg 300w, https:\/\/emakumeak.eus\/wp-content\/uploads\/2025\/01\/isabel-leon-congreso-emakumeak-kongresua-600x600-2-150x150.jpg 150w, https:\/\/emakumeak.eus\/wp-content\/uploads\/2025\/01\/isabel-leon-congreso-emakumeak-kongresua-600x600-2-100x100.jpg 100w\" sizes=\"(max-width: 600px) 100vw, 600px\" \/>\t\t\t\t\t\t\t\t<\/a>\n\t\t\t\t\t\t\t\t\t\t\t\t\t\t\t<\/div>\n\t\t\t\t<\/div>\n\t\t\t\t<div class=\"elementor-element elementor-element-fd53e63 elementor-widget elementor-widget-spacer\" data-id=\"fd53e63\" data-element_type=\"widget\" data-e-type=\"widget\" data-widget_type=\"spacer.default\">\n\t\t\t\t<div class=\"elementor-widget-container\">\n\t\t\t\t\t\t\t<div class=\"elementor-spacer\">\n\t\t\t<div class=\"elementor-spacer-inner\"><\/div>\n\t\t<\/div>\n\t\t\t\t\t\t<\/div>\n\t\t\t\t<\/div>\n\t\t\t\t<div class=\"elementor-element elementor-element-92210f3 elementor-widget elementor-widget-heading\" data-id=\"92210f3\" data-element_type=\"widget\" data-e-type=\"widget\" data-widget_type=\"heading.default\">\n\t\t\t\t<div class=\"elementor-widget-container\">\n\t\t\t\t\t<h2 class=\"elementor-heading-title elementor-size-default\"><a href=\"#elementor-action%3Aaction%3Dpopup%3Aopen%26settings%3DeyJpZCI6IjcyMjQiLCJ0b2dnbGUiOnRydWV9\">ISABEL LE\u00d3N<\/a><\/h2>\t\t\t\t<\/div>\n\t\t\t\t<\/div>\n\t\t\t\t<div class=\"elementor-element elementor-element-a782dd9 elementor-widget-divider--view-line elementor-widget elementor-widget-divider\" data-id=\"a782dd9\" data-element_type=\"widget\" data-e-type=\"widget\" data-widget_type=\"divider.default\">\n\t\t\t\t<div class=\"elementor-widget-container\">\n\t\t\t\t\t\t\t<div class=\"elementor-divider\">\n\t\t\t<span class=\"elementor-divider-separator\">\n\t\t\t\t\t\t<\/span>\n\t\t<\/div>\n\t\t\t\t\t\t<\/div>\n\t\t\t\t<\/div>\n\t\t\t\t<div class=\"elementor-element elementor-element-534800c elementor-widget elementor-widget-text-editor\" data-id=\"534800c\" data-element_type=\"widget\" data-e-type=\"widget\" data-widget_type=\"text-editor.default\">\n\t\t\t\t<div class=\"elementor-widget-container\">\n\t\t\t\t\t\t\t\t\t<p>Euskadiko Cadena SER irrati kateko Edukien Eskualdeko zuzendaria.<\/p>\t\t\t\t\t\t\t\t<\/div>\n\t\t\t\t<\/div>\n\t\t\t\t\t<\/div>\n\t\t<\/div>\n\t\t\t\t\t<\/div>\n\t\t<\/section>\n\t\t\t\t<section class=\"elementor-section elementor-inner-section elementor-element elementor-element-0c04e91 elementor-section-boxed elementor-section-height-default elementor-section-height-default\" data-id=\"0c04e91\" data-element_type=\"section\" data-e-type=\"section\">\n\t\t\t\t\t\t<div class=\"elementor-container elementor-column-gap-default\">\n\t\t\t\t\t<div class=\"elementor-column elementor-col-25 elementor-inner-column elementor-element elementor-element-ab2fd29\" data-id=\"ab2fd29\" data-element_type=\"column\" data-e-type=\"column\">\n\t\t\t<div class=\"elementor-widget-wrap elementor-element-populated\">\n\t\t\t\t\t\t<div class=\"elementor-element elementor-element-59ff2ff elementor-widget__width-initial elementor-widget elementor-widget-image\" data-id=\"59ff2ff\" data-element_type=\"widget\" data-e-type=\"widget\" data-widget_type=\"image.default\">\n\t\t\t\t<div class=\"elementor-widget-container\">\n\t\t\t\t\t\t\t\t\t\t\t\t\t\t\t\t<a href=\"#elementor-action%3Aaction%3Dpopup%3Aopen%26settings%3DeyJpZCI6IjcyMjUiLCJ0b2dnbGUiOnRydWV9\">\n\t\t\t\t\t\t\t<img loading=\"lazy\" decoding=\"async\" width=\"600\" height=\"600\" src=\"https:\/\/emakumeak.eus\/wp-content\/uploads\/2025\/01\/mariola-serrano-congreso-emakumeak-kongresua-600x600-2.jpg\" class=\"attachment-large size-large wp-image-2402\" alt=\"\" srcset=\"https:\/\/emakumeak.eus\/wp-content\/uploads\/2025\/01\/mariola-serrano-congreso-emakumeak-kongresua-600x600-2.jpg 600w, https:\/\/emakumeak.eus\/wp-content\/uploads\/2025\/01\/mariola-serrano-congreso-emakumeak-kongresua-600x600-2-300x300.jpg 300w, https:\/\/emakumeak.eus\/wp-content\/uploads\/2025\/01\/mariola-serrano-congreso-emakumeak-kongresua-600x600-2-150x150.jpg 150w, https:\/\/emakumeak.eus\/wp-content\/uploads\/2025\/01\/mariola-serrano-congreso-emakumeak-kongresua-600x600-2-100x100.jpg 100w\" sizes=\"(max-width: 600px) 100vw, 600px\" \/>\t\t\t\t\t\t\t\t<\/a>\n\t\t\t\t\t\t\t\t\t\t\t\t\t\t\t<\/div>\n\t\t\t\t<\/div>\n\t\t\t\t<div class=\"elementor-element elementor-element-b168de8 elementor-widget elementor-widget-spacer\" data-id=\"b168de8\" data-element_type=\"widget\" data-e-type=\"widget\" data-widget_type=\"spacer.default\">\n\t\t\t\t<div class=\"elementor-widget-container\">\n\t\t\t\t\t\t\t<div class=\"elementor-spacer\">\n\t\t\t<div class=\"elementor-spacer-inner\"><\/div>\n\t\t<\/div>\n\t\t\t\t\t\t<\/div>\n\t\t\t\t<\/div>\n\t\t\t\t<div class=\"elementor-element elementor-element-8e3104c elementor-widget elementor-widget-heading\" data-id=\"8e3104c\" data-element_type=\"widget\" data-e-type=\"widget\" data-widget_type=\"heading.default\">\n\t\t\t\t<div class=\"elementor-widget-container\">\n\t\t\t\t\t<h2 class=\"elementor-heading-title elementor-size-default\"><a href=\"#elementor-action%3Aaction%3Dpopup%3Aopen%26settings%3DeyJpZCI6IjI1MzgiLCJ0b2dnbGUiOmZhbHNlfQ%3D%3D\">MARIOLA SERRANO<\/a><\/h2>\t\t\t\t<\/div>\n\t\t\t\t<\/div>\n\t\t\t\t<div class=\"elementor-element elementor-element-9dedcf4 elementor-widget-divider--view-line elementor-widget elementor-widget-divider\" data-id=\"9dedcf4\" data-element_type=\"widget\" data-e-type=\"widget\" data-widget_type=\"divider.default\">\n\t\t\t\t<div class=\"elementor-widget-container\">\n\t\t\t\t\t\t\t<div class=\"elementor-divider\">\n\t\t\t<span class=\"elementor-divider-separator\">\n\t\t\t\t\t\t<\/span>\n\t\t<\/div>\n\t\t\t\t\t\t<\/div>\n\t\t\t\t<\/div>\n\t\t\t\t<div class=\"elementor-element elementor-element-48e620b elementor-widget elementor-widget-text-editor\" data-id=\"48e620b\" data-element_type=\"widget\" data-e-type=\"widget\" data-widget_type=\"text-editor.default\">\n\t\t\t\t<div class=\"elementor-widget-container\">\n\t\t\t\t\t\t\t\t\t<p>Lanaren Zuzenbidean eta Gizarte Segurantzan Doktorea<\/p>\t\t\t\t\t\t\t\t<\/div>\n\t\t\t\t<\/div>\n\t\t\t\t\t<\/div>\n\t\t<\/div>\n\t\t\t\t<div class=\"elementor-column elementor-col-25 elementor-inner-column elementor-element elementor-element-cb7a303\" data-id=\"cb7a303\" data-element_type=\"column\" data-e-type=\"column\">\n\t\t\t<div class=\"elementor-widget-wrap elementor-element-populated\">\n\t\t\t\t\t\t<div class=\"elementor-element elementor-element-20d69d4 elementor-widget__width-initial elementor-widget elementor-widget-image\" data-id=\"20d69d4\" data-element_type=\"widget\" data-e-type=\"widget\" data-widget_type=\"image.default\">\n\t\t\t\t<div class=\"elementor-widget-container\">\n\t\t\t\t\t\t\t\t\t\t\t\t\t\t\t\t<a href=\"#elementor-action%3Aaction%3Dpopup%3Aopen%26settings%3DeyJpZCI6IjcyMjYiLCJ0b2dnbGUiOnRydWV9\">\n\t\t\t\t\t\t\t<img loading=\"lazy\" decoding=\"async\" width=\"600\" height=\"600\" src=\"https:\/\/emakumeak.eus\/wp-content\/uploads\/2025\/01\/inaki-garcia-congreso-emakumeak-kongresua-600x600-2.jpg\" class=\"attachment-large size-large wp-image-2403\" alt=\"\" srcset=\"https:\/\/emakumeak.eus\/wp-content\/uploads\/2025\/01\/inaki-garcia-congreso-emakumeak-kongresua-600x600-2.jpg 600w, https:\/\/emakumeak.eus\/wp-content\/uploads\/2025\/01\/inaki-garcia-congreso-emakumeak-kongresua-600x600-2-300x300.jpg 300w, https:\/\/emakumeak.eus\/wp-content\/uploads\/2025\/01\/inaki-garcia-congreso-emakumeak-kongresua-600x600-2-150x150.jpg 150w, https:\/\/emakumeak.eus\/wp-content\/uploads\/2025\/01\/inaki-garcia-congreso-emakumeak-kongresua-600x600-2-100x100.jpg 100w\" sizes=\"(max-width: 600px) 100vw, 600px\" \/>\t\t\t\t\t\t\t\t<\/a>\n\t\t\t\t\t\t\t\t\t\t\t\t\t\t\t<\/div>\n\t\t\t\t<\/div>\n\t\t\t\t<div class=\"elementor-element elementor-element-5c4a9b6 elementor-widget elementor-widget-spacer\" data-id=\"5c4a9b6\" data-element_type=\"widget\" data-e-type=\"widget\" data-widget_type=\"spacer.default\">\n\t\t\t\t<div class=\"elementor-widget-container\">\n\t\t\t\t\t\t\t<div class=\"elementor-spacer\">\n\t\t\t<div class=\"elementor-spacer-inner\"><\/div>\n\t\t<\/div>\n\t\t\t\t\t\t<\/div>\n\t\t\t\t<\/div>\n\t\t\t\t<div class=\"elementor-element elementor-element-053078f elementor-widget elementor-widget-heading\" data-id=\"053078f\" data-element_type=\"widget\" data-e-type=\"widget\" data-widget_type=\"heading.default\">\n\t\t\t\t<div class=\"elementor-widget-container\">\n\t\t\t\t\t<h2 class=\"elementor-heading-title elementor-size-default\"><a href=\"#elementor-action%3Aaction%3Dpopup%3Aopen%26settings%3DeyJpZCI6IjcyMjYiLCJ0b2dnbGUiOnRydWV9\">I\u00d1AKI GARC\u00cdA MAZA<\/a><\/h2>\t\t\t\t<\/div>\n\t\t\t\t<\/div>\n\t\t\t\t<div class=\"elementor-element elementor-element-f597cb5 elementor-widget-divider--view-line elementor-widget elementor-widget-divider\" data-id=\"f597cb5\" data-element_type=\"widget\" data-e-type=\"widget\" data-widget_type=\"divider.default\">\n\t\t\t\t<div class=\"elementor-widget-container\">\n\t\t\t\t\t\t\t<div class=\"elementor-divider\">\n\t\t\t<span class=\"elementor-divider-separator\">\n\t\t\t\t\t\t<\/span>\n\t\t<\/div>\n\t\t\t\t\t\t<\/div>\n\t\t\t\t<\/div>\n\t\t\t\t<div class=\"elementor-element elementor-element-5a5d475 elementor-widget elementor-widget-text-editor\" data-id=\"5a5d475\" data-element_type=\"widget\" data-e-type=\"widget\" data-widget_type=\"text-editor.default\">\n\t\t\t\t<div class=\"elementor-widget-container\">\n\t\t\t\t\t\t\t\t\t<p>Psikologoa, psikoterapeuta eta ERAIN gizarte-ekimeneko kooperatibaren koordinatzailea<\/p>\t\t\t\t\t\t\t\t<\/div>\n\t\t\t\t<\/div>\n\t\t\t\t\t<\/div>\n\t\t<\/div>\n\t\t\t\t<div class=\"elementor-column elementor-col-25 elementor-inner-column elementor-element elementor-element-4909237\" data-id=\"4909237\" data-element_type=\"column\" data-e-type=\"column\">\n\t\t\t<div class=\"elementor-widget-wrap elementor-element-populated\">\n\t\t\t\t\t\t<div class=\"elementor-element elementor-element-16b0da1 elementor-widget__width-initial elementor-widget elementor-widget-image\" data-id=\"16b0da1\" data-element_type=\"widget\" data-e-type=\"widget\" data-widget_type=\"image.default\">\n\t\t\t\t<div class=\"elementor-widget-container\">\n\t\t\t\t\t\t\t\t\t\t\t\t\t\t\t\t<a href=\"#elementor-action%3Aaction%3Dpopup%3Aopen%26settings%3DeyJpZCI6IjcyMjciLCJ0b2dnbGUiOnRydWV9\">\n\t\t\t\t\t\t\t<img loading=\"lazy\" decoding=\"async\" width=\"600\" height=\"600\" src=\"https:\/\/emakumeak.eus\/wp-content\/uploads\/2025\/01\/miguel-lorente-congreso-emakumeak-kongresua-600x600-2.jpg\" class=\"attachment-large size-large wp-image-2404\" alt=\"\" srcset=\"https:\/\/emakumeak.eus\/wp-content\/uploads\/2025\/01\/miguel-lorente-congreso-emakumeak-kongresua-600x600-2.jpg 600w, https:\/\/emakumeak.eus\/wp-content\/uploads\/2025\/01\/miguel-lorente-congreso-emakumeak-kongresua-600x600-2-300x300.jpg 300w, https:\/\/emakumeak.eus\/wp-content\/uploads\/2025\/01\/miguel-lorente-congreso-emakumeak-kongresua-600x600-2-150x150.jpg 150w, https:\/\/emakumeak.eus\/wp-content\/uploads\/2025\/01\/miguel-lorente-congreso-emakumeak-kongresua-600x600-2-100x100.jpg 100w\" sizes=\"(max-width: 600px) 100vw, 600px\" \/>\t\t\t\t\t\t\t\t<\/a>\n\t\t\t\t\t\t\t\t\t\t\t\t\t\t\t<\/div>\n\t\t\t\t<\/div>\n\t\t\t\t<div class=\"elementor-element elementor-element-3f1076c elementor-widget elementor-widget-spacer\" data-id=\"3f1076c\" data-element_type=\"widget\" data-e-type=\"widget\" data-widget_type=\"spacer.default\">\n\t\t\t\t<div class=\"elementor-widget-container\">\n\t\t\t\t\t\t\t<div class=\"elementor-spacer\">\n\t\t\t<div class=\"elementor-spacer-inner\"><\/div>\n\t\t<\/div>\n\t\t\t\t\t\t<\/div>\n\t\t\t\t<\/div>\n\t\t\t\t<div class=\"elementor-element elementor-element-e15b2d9 elementor-widget elementor-widget-heading\" data-id=\"e15b2d9\" data-element_type=\"widget\" data-e-type=\"widget\" data-widget_type=\"heading.default\">\n\t\t\t\t<div class=\"elementor-widget-container\">\n\t\t\t\t\t<h2 class=\"elementor-heading-title elementor-size-default\"><a href=\"#elementor-action%3Aaction%3Dpopup%3Aopen%26settings%3DeyJpZCI6IjcyMjciLCJ0b2dnbGUiOnRydWV9\">MIGUEL LORENTE<\/a><\/h2>\t\t\t\t<\/div>\n\t\t\t\t<\/div>\n\t\t\t\t<div class=\"elementor-element elementor-element-7c8a374 elementor-widget-divider--view-line elementor-widget elementor-widget-divider\" data-id=\"7c8a374\" data-element_type=\"widget\" data-e-type=\"widget\" data-widget_type=\"divider.default\">\n\t\t\t\t<div class=\"elementor-widget-container\">\n\t\t\t\t\t\t\t<div class=\"elementor-divider\">\n\t\t\t<span class=\"elementor-divider-separator\">\n\t\t\t\t\t\t<\/span>\n\t\t<\/div>\n\t\t\t\t\t\t<\/div>\n\t\t\t\t<\/div>\n\t\t\t\t<div class=\"elementor-element elementor-element-cca78ca elementor-widget elementor-widget-text-editor\" data-id=\"cca78ca\" data-element_type=\"widget\" data-e-type=\"widget\" data-widget_type=\"text-editor.default\">\n\t\t\t\t<div class=\"elementor-widget-container\">\n\t\t\t\t\t\t\t\t\t<p>Granadako Unibertsitatean Lege eta Auzitegiko Medikuntzako irakaslea<\/p>\t\t\t\t\t\t\t\t<\/div>\n\t\t\t\t<\/div>\n\t\t\t\t\t<\/div>\n\t\t<\/div>\n\t\t\t\t<div class=\"elementor-column elementor-col-25 elementor-inner-column elementor-element elementor-element-0953397\" data-id=\"0953397\" data-element_type=\"column\" data-e-type=\"column\">\n\t\t\t<div class=\"elementor-widget-wrap elementor-element-populated\">\n\t\t\t\t\t\t<div class=\"elementor-element elementor-element-db8a783 elementor-widget__width-initial elementor-widget elementor-widget-image\" data-id=\"db8a783\" data-element_type=\"widget\" data-e-type=\"widget\" data-widget_type=\"image.default\">\n\t\t\t\t<div class=\"elementor-widget-container\">\n\t\t\t\t\t\t\t\t\t\t\t\t\t\t\t\t<a href=\"#elementor-action%3Aaction%3Dpopup%3Aopen%26settings%3DeyJpZCI6IjcyMjgiLCJ0b2dnbGUiOnRydWV9\">\n\t\t\t\t\t\t\t<img loading=\"lazy\" decoding=\"async\" width=\"600\" height=\"600\" src=\"https:\/\/emakumeak.eus\/wp-content\/uploads\/2025\/01\/ritxar-bacete-emakumeak-congreso-600x600-1.jpg\" class=\"attachment-large size-large wp-image-2405\" alt=\"\" srcset=\"https:\/\/emakumeak.eus\/wp-content\/uploads\/2025\/01\/ritxar-bacete-emakumeak-congreso-600x600-1.jpg 600w, https:\/\/emakumeak.eus\/wp-content\/uploads\/2025\/01\/ritxar-bacete-emakumeak-congreso-600x600-1-300x300.jpg 300w, https:\/\/emakumeak.eus\/wp-content\/uploads\/2025\/01\/ritxar-bacete-emakumeak-congreso-600x600-1-150x150.jpg 150w, https:\/\/emakumeak.eus\/wp-content\/uploads\/2025\/01\/ritxar-bacete-emakumeak-congreso-600x600-1-100x100.jpg 100w\" sizes=\"(max-width: 600px) 100vw, 600px\" \/>\t\t\t\t\t\t\t\t<\/a>\n\t\t\t\t\t\t\t\t\t\t\t\t\t\t\t<\/div>\n\t\t\t\t<\/div>\n\t\t\t\t<div class=\"elementor-element elementor-element-07ae17a elementor-widget elementor-widget-spacer\" data-id=\"07ae17a\" data-element_type=\"widget\" data-e-type=\"widget\" data-widget_type=\"spacer.default\">\n\t\t\t\t<div class=\"elementor-widget-container\">\n\t\t\t\t\t\t\t<div class=\"elementor-spacer\">\n\t\t\t<div class=\"elementor-spacer-inner\"><\/div>\n\t\t<\/div>\n\t\t\t\t\t\t<\/div>\n\t\t\t\t<\/div>\n\t\t\t\t<div class=\"elementor-element elementor-element-8e5f32a elementor-widget elementor-widget-heading\" data-id=\"8e5f32a\" data-element_type=\"widget\" data-e-type=\"widget\" data-widget_type=\"heading.default\">\n\t\t\t\t<div class=\"elementor-widget-container\">\n\t\t\t\t\t<h2 class=\"elementor-heading-title elementor-size-default\"><a href=\"#elementor-action%3Aaction%3Dpopup%3Aopen%26settings%3DeyJpZCI6IjcyMjgiLCJ0b2dnbGUiOnRydWV9\">RITXAR BACETE<\/a><\/h2>\t\t\t\t<\/div>\n\t\t\t\t<\/div>\n\t\t\t\t<div class=\"elementor-element elementor-element-a10d7e5 elementor-widget-divider--view-line elementor-widget elementor-widget-divider\" data-id=\"a10d7e5\" data-element_type=\"widget\" data-e-type=\"widget\" data-widget_type=\"divider.default\">\n\t\t\t\t<div class=\"elementor-widget-container\">\n\t\t\t\t\t\t\t<div class=\"elementor-divider\">\n\t\t\t<span class=\"elementor-divider-separator\">\n\t\t\t\t\t\t<\/span>\n\t\t<\/div>\n\t\t\t\t\t\t<\/div>\n\t\t\t\t<\/div>\n\t\t\t\t<div class=\"elementor-element elementor-element-ae8e850 elementor-widget elementor-widget-text-editor\" data-id=\"ae8e850\" data-element_type=\"widget\" data-e-type=\"widget\" data-widget_type=\"text-editor.default\">\n\t\t\t\t<div class=\"elementor-widget-container\">\n\t\t\t\t\t\t\t\t\t<p>Bokazioz antropologoa eta uste osoz gizarte-langilea da<\/p>\t\t\t\t\t\t\t\t<\/div>\n\t\t\t\t<\/div>\n\t\t\t\t\t<\/div>\n\t\t<\/div>\n\t\t\t\t\t<\/div>\n\t\t<\/section>\n\t\t\t\t<section class=\"elementor-section elementor-inner-section elementor-element elementor-element-8eee959 elementor-section-boxed elementor-section-height-default elementor-section-height-default\" data-id=\"8eee959\" data-element_type=\"section\" data-e-type=\"section\">\n\t\t\t\t\t\t<div class=\"elementor-container elementor-column-gap-default\">\n\t\t\t\t\t<div class=\"elementor-column elementor-col-25 elementor-inner-column elementor-element elementor-element-1a466b0\" data-id=\"1a466b0\" data-element_type=\"column\" data-e-type=\"column\">\n\t\t\t<div class=\"elementor-widget-wrap elementor-element-populated\">\n\t\t\t\t\t\t<div class=\"elementor-element elementor-element-c23f0ca elementor-widget__width-initial elementor-widget elementor-widget-image\" data-id=\"c23f0ca\" data-element_type=\"widget\" data-e-type=\"widget\" data-widget_type=\"image.default\">\n\t\t\t\t<div class=\"elementor-widget-container\">\n\t\t\t\t\t\t\t\t\t\t\t\t\t\t\t\t<a href=\"#elementor-action%3Aaction%3Dpopup%3Aopen%26settings%3DeyJpZCI6IjcyMjkiLCJ0b2dnbGUiOnRydWV9\">\n\t\t\t\t\t\t\t<img loading=\"lazy\" decoding=\"async\" width=\"600\" height=\"600\" src=\"https:\/\/emakumeak.eus\/wp-content\/uploads\/2025\/01\/basilio-astulez.jpg\" class=\"attachment-large size-large wp-image-2406\" alt=\"\" srcset=\"https:\/\/emakumeak.eus\/wp-content\/uploads\/2025\/01\/basilio-astulez.jpg 600w, https:\/\/emakumeak.eus\/wp-content\/uploads\/2025\/01\/basilio-astulez-300x300.jpg 300w, https:\/\/emakumeak.eus\/wp-content\/uploads\/2025\/01\/basilio-astulez-150x150.jpg 150w, https:\/\/emakumeak.eus\/wp-content\/uploads\/2025\/01\/basilio-astulez-100x100.jpg 100w\" sizes=\"(max-width: 600px) 100vw, 600px\" \/>\t\t\t\t\t\t\t\t<\/a>\n\t\t\t\t\t\t\t\t\t\t\t\t\t\t\t<\/div>\n\t\t\t\t<\/div>\n\t\t\t\t<div class=\"elementor-element elementor-element-f9426e4 elementor-widget elementor-widget-spacer\" data-id=\"f9426e4\" data-element_type=\"widget\" data-e-type=\"widget\" data-widget_type=\"spacer.default\">\n\t\t\t\t<div class=\"elementor-widget-container\">\n\t\t\t\t\t\t\t<div class=\"elementor-spacer\">\n\t\t\t<div class=\"elementor-spacer-inner\"><\/div>\n\t\t<\/div>\n\t\t\t\t\t\t<\/div>\n\t\t\t\t<\/div>\n\t\t\t\t<div class=\"elementor-element elementor-element-5919b4c elementor-widget elementor-widget-heading\" data-id=\"5919b4c\" data-element_type=\"widget\" data-e-type=\"widget\" data-widget_type=\"heading.default\">\n\t\t\t\t<div class=\"elementor-widget-container\">\n\t\t\t\t\t<h2 class=\"elementor-heading-title elementor-size-default\"><a href=\"#elementor-action%3Aaction%3Dpopup%3Aopen%26settings%3DeyJpZCI6IjcyMjkiLCJ0b2dnbGUiOnRydWV9\">BASILIO ASTULEZ<\/a><\/h2>\t\t\t\t<\/div>\n\t\t\t\t<\/div>\n\t\t\t\t<div class=\"elementor-element elementor-element-310d3d2 elementor-widget-divider--view-line elementor-widget elementor-widget-divider\" data-id=\"310d3d2\" data-element_type=\"widget\" data-e-type=\"widget\" data-widget_type=\"divider.default\">\n\t\t\t\t<div class=\"elementor-widget-container\">\n\t\t\t\t\t\t\t<div class=\"elementor-divider\">\n\t\t\t<span class=\"elementor-divider-separator\">\n\t\t\t\t\t\t<\/span>\n\t\t<\/div>\n\t\t\t\t\t\t<\/div>\n\t\t\t\t<\/div>\n\t\t\t\t<div class=\"elementor-element elementor-element-5f5d1e6 elementor-widget elementor-widget-text-editor\" data-id=\"5f5d1e6\" data-element_type=\"widget\" data-e-type=\"widget\" data-widget_type=\"text-editor.default\">\n\t\t\t\t<div class=\"elementor-widget-container\">\n\t\t\t\t\t\t\t\t\t<p>Leioako Udal Kontserbatorioko Koru Kantuko irakaslea eta Leioa Kantika Korala Umeen Abesbatzaren sortzailea<\/p>\t\t\t\t\t\t\t\t<\/div>\n\t\t\t\t<\/div>\n\t\t\t\t\t<\/div>\n\t\t<\/div>\n\t\t\t\t<div class=\"elementor-column elementor-col-25 elementor-inner-column elementor-element elementor-element-c59fff5\" data-id=\"c59fff5\" data-element_type=\"column\" data-e-type=\"column\">\n\t\t\t<div class=\"elementor-widget-wrap\">\n\t\t\t\t\t\t\t<\/div>\n\t\t<\/div>\n\t\t\t\t<div class=\"elementor-column elementor-col-25 elementor-inner-column elementor-element elementor-element-9fb6c39\" data-id=\"9fb6c39\" data-element_type=\"column\" data-e-type=\"column\">\n\t\t\t<div class=\"elementor-widget-wrap\">\n\t\t\t\t\t\t\t<\/div>\n\t\t<\/div>\n\t\t\t\t<div class=\"elementor-column elementor-col-25 elementor-inner-column elementor-element elementor-element-9bf0d7e\" data-id=\"9bf0d7e\" data-element_type=\"column\" data-e-type=\"column\">\n\t\t\t<div class=\"elementor-widget-wrap\">\n\t\t\t\t\t\t\t<\/div>\n\t\t<\/div>\n\t\t\t\t\t<\/div>\n\t\t<\/section>\n\t\t\t\t<div class=\"elementor-element elementor-element-bb27495 elementor-widget elementor-widget-spacer\" data-id=\"bb27495\" data-element_type=\"widget\" data-e-type=\"widget\" data-widget_type=\"spacer.default\">\n\t\t\t\t<div class=\"elementor-widget-container\">\n\t\t\t\t\t\t\t<div class=\"elementor-spacer\">\n\t\t\t<div class=\"elementor-spacer-inner\"><\/div>\n\t\t<\/div>\n\t\t\t\t\t\t<\/div>\n\t\t\t\t<\/div>\n\t\t\t\t\t<\/div>\n\t\t<\/div>\n\t\t\t\t\t<\/div>\n\t\t<\/section>\n\t\t\t\t<\/div>","protected":false},"excerpt":{"rendered":"<p>PARTE-HARTZAILEAK S\u00c9GOL\u00c8NE ROYAL Frantziako ministro ohia eta Poitou-Charentes eskualdeko Kontseiluko Presidentea FAWZIA KOOFI Emakumeen eskubideen eta Afganistango politikaren aldeko aktibista ANA PEL\u00c1EZ Emakumearen Aurkako Diskriminazioa Ezabatzeko Nazio Batuen Batzordeko Bitarteko Presidentea JULIA OTERO Kazetaria SINDY TAKANASHI Biolentzia matxisten aurkako komunikatzaile eta dibulgatzailea TERESA AGUIL\u00d3 Telenorte saioaren (TVE) kazetaria, editorea eta aurkezlea IZARO Euskal abeslari, kantautore [&hellip;]<\/p>","protected":false},"author":2,"featured_media":0,"parent":0,"menu_order":0,"comment_status":"closed","ping_status":"closed","template":"elementor_header_footer","meta":{"_acf_changed":false,"footnotes":""},"class_list":["post-7062","page","type-page","status-publish","hentry"],"acf":[],"_links":{"self":[{"href":"https:\/\/emakumeak.eus\/eu\/wp-json\/wp\/v2\/pages\/7062","targetHints":{"allow":["GET"]}}],"collection":[{"href":"https:\/\/emakumeak.eus\/eu\/wp-json\/wp\/v2\/pages"}],"about":[{"href":"https:\/\/emakumeak.eus\/eu\/wp-json\/wp\/v2\/types\/page"}],"author":[{"embeddable":true,"href":"https:\/\/emakumeak.eus\/eu\/wp-json\/wp\/v2\/users\/2"}],"replies":[{"embeddable":true,"href":"https:\/\/emakumeak.eus\/eu\/wp-json\/wp\/v2\/comments?post=7062"}],"version-history":[{"count":49,"href":"https:\/\/emakumeak.eus\/eu\/wp-json\/wp\/v2\/pages\/7062\/revisions"}],"predecessor-version":[{"id":7330,"href":"https:\/\/emakumeak.eus\/eu\/wp-json\/wp\/v2\/pages\/7062\/revisions\/7330"}],"wp:attachment":[{"href":"https:\/\/emakumeak.eus\/eu\/wp-json\/wp\/v2\/media?parent=7062"}],"curies":[{"name":"wp","href":"https:\/\/api.w.org\/{rel}","templated":true}]}}